{"id":141,"date":"2017-05-11T18:20:28","date_gmt":"2017-05-11T16:20:28","guid":{"rendered":"http:\/\/www.semainedelecriture.fr\/V3\/?page_id=141"},"modified":"2025-01-17T19:30:19","modified_gmt":"2025-01-17T18:30:19","slug":"espace-presse","status":"publish","type":"page","link":"https:\/\/www.semainedelecriture.fr\/index.php\/espace-presse\/","title":{"rendered":"Espace Presse"},"content":{"rendered":"<div style=\"text-align: center;\">\n<div>\n<div>\n<p>\u00a0<\/p>\n<p style=\"text-align: center;\">Regardez l&rsquo;\u00e9mission :<\/p>\n<p style=\"text-align: center;\"><a href=\"https:\/\/video.lefigaro.fr\/figaro\/video\/lecriture-manuscrite-va-t-elle-disparaitre\/\" target=\"_blank\" rel=\"noopener\">\u00ab Paris d&rsquo;\u00e9cole : L&rsquo;\u00e9criture manuscrite va-t-elle dispara\u00eetre ? \u00bb<\/a><\/p>\n<p style=\"text-align: center;\">avec en invit\u00e9 notre pr\u00e9sident <strong>Bernard Bouvet<\/strong>. <br \/>Sur la cha\u00eene \u00ab\u00a0Le Figaro TV Ile de France\u00a0\u00bb<\/p>\n<p>\u00a0<\/p>\n<p><strong><a href=\"https:\/\/www.nrpyrenees.fr\/2024\/12\/07\/soeurs-uma-et-felicie-primees-12375881.php\" target=\"_blank\" rel=\"noopener\">S\u0153urs, Uma et F\u00e9licie prim\u00e9es<\/a><\/strong><br \/>Les \u00e9l\u00e8ves du primaire et du coll\u00e8ge de l\u2019ensemble scolaire Saint-Vincent ont particip\u00e9, avec la documentaliste et le professeur des \u00e9coles de la classe de CM1-CM2 \u00e0 la Semaine de l\u2019\u00e9criture.<\/p>\n<p style=\"text-align: left;\"><div class=\"space_20 clearfix\"><\/div>\n<\/div>\n<p><a href=\"https:\/\/alencon.maville.com\/actu\/actudet_-belleme.-le-jury-de-la-semaine-de-l-ecriture-a-delibere-_-6579539_actu.Htm\" target=\"_blank\" rel=\"noopener\"><strong>Bell\u00eame. Le jury de la Semaine de l\u2019\u00e9criture a d\u00e9lib\u00e9r\u00e9<\/strong><\/a><br \/>Bernard Bouvet, pr\u00e9sident de l\u2019association Semaine de l\u2019\u00e9criture a r\u00e9uni son jury, vendredi, \u00e0 la mairie, pour d\u00e9signer les gagnants de la treizi\u00e8me \u00e9dition du concours.<\/p>\n<p style=\"text-align: left;\"><div class=\"space_20 clearfix\"><\/div>\n<\/div>\n<p><a href=\"https:\/\/www.lejdd.fr\/societe\/graphotherapie-la-solution-face-au-declin-de-lecriture-manuscrite-dans-les-ecoles-150302\"><strong>Graphoth\u00e9rapie : la solution face au d\u00e9clin de l&rsquo;\u00e9criture manuscrite dans les \u00e9coles &#8211; JDD<\/strong><\/a><br \/>Ce lundi 7 octobre marque le coup d&rsquo;envoi du grand concours national organis\u00e9 par la Semaine de l&rsquo;\u00e9criture. Le but ? Mettre en valeur l&rsquo;\u00e9criture &#8230;<\/p>\n<p style=\"text-align: left;\"><div class=\"space_20 clearfix\"><\/div>\n<\/div>\n<p style=\"text-align: center;\"><strong><a href=\"https:\/\/www.francebleu.fr\/emissions\/l-eco-d-ici-de-france-bleu-lorraine-nord\/anne-pinter-graphopedagogue-nous-apprend-a-mieux-ecrire-9122010\">Anne Pinter, graphop\u00e9dagogue, nous apprend \u00e0 mieux \u00e9crire &#8211; France Bleu<\/a><\/strong><br \/>C&rsquo;est la semaine de l&rsquo;\u00e9criture, jusqu&rsquo;au 14 octobre, l&rsquo;occasion de d\u00e9couvrir un m\u00e9tier peu connu : graphop\u00e9dagogue.<\/p>\n<div class=\"space_20 clearfix\"><\/div>\n<p style=\"text-align: center;\"><a href=\"https:\/\/actu.fr\/pays-de-la-loire\/nantes_44109\/loire-atlantique-ils-apprennent-a-mieux-ecrire-grace-a-delphine_61691104.html\"><strong>Loire-Atlantique : ils apprennent \u00e0 mieux \u00e9crire gr\u00e2ce \u00e0 Delphine &#8211; Actu.fr<\/strong><\/a><br \/>Dans le cadre de la Semaine de l&rsquo;\u00e9criture, nous avons rencontr\u00e9 Delphine Urvoy. Cette Nantaise aide ceux qui ont du mal \u00e0 \u00e9crire &#8230;<\/p>\n<div class=\"space_20 clearfix\"><\/div>\n<p style=\"text-align: center;\"><strong><a href=\"https:\/\/www.ouest-france.fr\/pays-de-la-loire\/challans-85300\/graphopedagogue-a-challans-elle-souhaite-rendre-lecriture-agreable-aux-enfants-et-aux-adultes-de14da2e-7a57-11ef-a25e-ad5d3544d350\">Graphop\u00e9dagogue \u00e0 Challans, elle souhaite \u00ab rendre l&rsquo;\u00e9criture agr\u00e9able aux enfants et aux adultes \u00bb &#8211; Ouest-France<\/a><\/strong><br \/>Dans le cadre, de la semaine de l&rsquo;\u00e9criture, du lundi 7 au lundi 14 octobre, \u00c9lodie Pavageau ouvrira les portes de son cabinet &#8230;<\/p>\n<p style=\"text-align: left;\"><div class=\"space_20 clearfix\"><\/div>\n<p><img loading=\"lazy\" decoding=\"async\" class=\"aligncenter wp-image-22973\" src=\"https:\/\/www.semainedelecriture.fr\/wp-content\/uploads\/2023\/09\/logo_pnpapetier-300x142.png\" alt=\"Pilot Pen France :  \u00ab Une vie \u00e0 \u00e9crire \u00bb\" width=\"200\" height=\"95\" srcset=\"https:\/\/www.semainedelecriture.fr\/wp-content\/uploads\/2023\/09\/logo_pnpapetier-300x142.png 300w, https:\/\/www.semainedelecriture.fr\/wp-content\/uploads\/2023\/09\/logo_pnpapetier.png 570w\" sizes=\"auto, (max-width: 200px) 100vw, 200px\" \/><\/p>\n<p style=\"text-align: center;\"><strong><a href=\"https:\/\/pnpapetier.com\/articles\/pilot-pen-france-une-vie-a-ecrire\/?utm_source=brevo&amp;utm_campaign=PNP_Replay_18092023&amp;utm_medium=email\">Pilot Pen France : \u00ab Une vie \u00e0 \u00e9crire \u00bb<\/a><br \/><\/strong>(18 septembre 2023)<\/p>\n<div class=\"space_20 clearfix\"><\/div>\n<h4 style=\"text-align: center;\"><a href=\"https:\/\/www.dailymotion.com\/video\/x8e5jpb\" target=\"_blank\" rel=\"noopener\">&gt;Notre pr\u00e9sident consult\u00e9 sur Cnews&lt;<\/a><\/h4>\n<p>\u00a0<\/p>\n<div style=\"text-align: center;\"><a href=\"https:\/\/www.semainedelecriture.fr\/index.php\/presse-archives\/\"><strong>Voir les autres ann\u00e9es<\/strong><\/a><\/div>\n\n\n<p><\/p>\n","protected":false},"excerpt":{"rendered":"<p>\u00a0 Regardez l&rsquo;\u00e9mission : \u00ab Paris d&rsquo;\u00e9cole : L&rsquo;\u00e9criture manuscrite va-t-elle dispara\u00eetre ? \u00bb avec en invit\u00e9 notre pr\u00e9sident Bernard Bouvet. Sur la cha\u00eene \u00ab\u00a0Le Figaro TV Ile de France\u00a0\u00bb \u00a0 S\u0153urs, Uma et F\u00e9licie prim\u00e9esLes \u00e9l\u00e8ves du primaire et &hellip; <a href=\"https:\/\/www.semainedelecriture.fr\/index.php\/espace-presse\/\">Lire la suite\u00ad\u00ad<\/a><\/p>\n","protected":false},"author":1,"featured_media":0,"parent":0,"menu_order":3,"comment_status":"closed","ping_status":"closed","template":"","meta":{"_mi_skip_tracking":false,"kt_blocks_editor_width":"","footnotes":""},"class_list":["post-141","page","type-page","status-publish","hentry"],"_links":{"self":[{"href":"https:\/\/www.semainedelecriture.fr\/index.php\/wp-json\/wp\/v2\/pages\/141","targetHints":{"allow":["GET"]}}],"collection":[{"href":"https:\/\/www.semainedelecriture.fr\/index.php\/wp-json\/wp\/v2\/pages"}],"about":[{"href":"https:\/\/www.semainedelecriture.fr\/index.php\/wp-json\/wp\/v2\/types\/page"}],"author":[{"embeddable":true,"href":"https:\/\/www.semainedelecriture.fr\/index.php\/wp-json\/wp\/v2\/users\/1"}],"replies":[{"embeddable":true,"href":"https:\/\/www.semainedelecriture.fr\/index.php\/wp-json\/wp\/v2\/comments?post=141"}],"version-history":[{"count":215,"href":"https:\/\/www.semainedelecriture.fr\/index.php\/wp-json\/wp\/v2\/pages\/141\/revisions"}],"predecessor-version":[{"id":26725,"href":"https:\/\/www.semainedelecriture.fr\/index.php\/wp-json\/wp\/v2\/pages\/141\/revisions\/26725"}],"wp:attachment":[{"href":"https:\/\/www.semainedelecriture.fr\/index.php\/wp-json\/wp\/v2\/media?parent=141"}],"curies":[{"name":"wp","href":"https:\/\/api.w.org\/{rel}","templated":true}]}}