{"id":1873,"date":"2017-09-18T17:45:44","date_gmt":"2017-09-18T15:45:44","guid":{"rendered":"http:\/\/www.semainedelecriture.fr\/?page_id=1873"},"modified":"2025-10-11T11:20:52","modified_gmt":"2025-10-11T09:20:52","slug":"telechargement","status":"publish","type":"page","link":"https:\/\/www.semainedelecriture.fr\/index.php\/telechargement\/","title":{"rendered":"T\u00e9l\u00e9chargement"},"content":{"rendered":"<div class=\"wp-block-image\">\n<figure class=\"alignleft size-full is-resized\"><img loading=\"lazy\" decoding=\"async\" width=\"724\" height=\"646\" src=\"https:\/\/www.semainedelecriture.fr\/wp-content\/uploads\/2025\/07\/Livret-2025-1.png\" alt=\"\" class=\"wp-image-27470\" style=\"width:191px;height:auto\" srcset=\"https:\/\/www.semainedelecriture.fr\/wp-content\/uploads\/2025\/07\/Livret-2025-1.png 724w, https:\/\/www.semainedelecriture.fr\/wp-content\/uploads\/2025\/07\/Livret-2025-1-300x268.png 300w\" sizes=\"auto, (max-width: 724px) 100vw, 724px\" \/><\/figure><\/div>\n\n\n<p><\/p>\n\n\n\n<h3 class=\"wp-block-heading\">Fiches p\u00e9dagogiques<\/h3>\n\n\n\n<p class=\"has-text-align-left\">T\u00e9l\u00e9chargez les <strong>fiches p\u00e9dagogique<\/strong>s pour<br><strong>faire travailler et donner le go\u00fbt de l\u2019\u00e9crit aux \u00e9l\u00e8ves<br><\/strong>afin qu\u2019ils gardent dans leurs habitudes la <strong>sensation de l\u2019\u00e9criture manuelle<\/strong>.<br>(R\u00e9alis\u00e9es en collaboration avec les \u00e9ditions MDI et l&rsquo;Association 5E)<\/p>\n\n\n\n<p class=\"has-text-align-left\"><a href=\"https:\/\/www.semainedelecriture.fr\/wp-content\/uploads\/2025\/10\/Fiches_Quelques_conseils_avant_d_ecrire.pdf\" target=\"_blank\" rel=\"noreferrer noopener\"><i class=\"icon-play\" style=\"font-size: 14px; color: #2d5c88;\"><\/i> <u>T\u00e9l\u00e9chargez les fiches p\u00e9dagogiques<\/u><\/a><\/p>\n\n\n<div class=\"clearfix\"><\/div>\n\n\n\n<hr class=\"wp-block-separator has-alpha-channel-opacity\"\/>\n\n\n<div class=\"wp-block-image\">\n<figure class=\"alignleft size-full is-resized\"><img loading=\"lazy\" decoding=\"async\" width=\"495\" height=\"700\" src=\"https:\/\/www.semainedelecriture.fr\/wp-content\/uploads\/2025\/08\/support-ecriture-2025.jpg\" alt=\"\" class=\"wp-image-27661\" style=\"width:221px;height:auto\" srcset=\"https:\/\/www.semainedelecriture.fr\/wp-content\/uploads\/2025\/08\/support-ecriture-2025.jpg 495w, https:\/\/www.semainedelecriture.fr\/wp-content\/uploads\/2025\/08\/support-ecriture-2025-212x300.jpg 212w\" sizes=\"auto, (max-width: 495px) 100vw, 495px\" \/><\/figure><\/div>\n\n\n<p><\/p>\n\n\n\n<h3 class=\"wp-block-heading\">Support d&rsquo;\u00e9criture<\/h3>\n\n\n\n<p class=\"has-text-align-left\">Imprimer le <strong>support d&rsquo;\u00e9criture<\/strong> pour vos textes de l&rsquo;ann\u00e9e ou du concours.<br><a href=\"https:\/\/www.semainedelecriture.fr\/wp-content\/uploads\/2025\/08\/support-ecriture.pdf\" target=\"_blank\" rel=\"noreferrer noopener\"><i class=\"icon-play\" style=\"font-size: 14px; color: #2d5c88;\"><\/i> <u>T\u00e9l\u00e9chargez le support<\/u><\/a><\/p>\n\n\n<div class=\"clearfix\"><\/div>\n\n\n\n<hr class=\"wp-block-separator has-alpha-channel-opacity\"\/>\n\n\n<div class=\"wp-block-image\">\n<figure class=\"alignleft size-full is-resized\"><img loading=\"lazy\" decoding=\"async\" width=\"300\" height=\"424\" src=\"https:\/\/www.semainedelecriture.fr\/wp-content\/uploads\/2025\/08\/Affiche-Concours-2025-300.jpg\" alt=\"\" class=\"wp-image-27625\" style=\"width:232px;height:auto\" srcset=\"https:\/\/www.semainedelecriture.fr\/wp-content\/uploads\/2025\/08\/Affiche-Concours-2025-300.jpg 300w, https:\/\/www.semainedelecriture.fr\/wp-content\/uploads\/2025\/08\/Affiche-Concours-2025-300-212x300.jpg 212w\" sizes=\"auto, (max-width: 300px) 100vw, 300px\" \/><\/figure><\/div>\n\n\n<p><\/p>\n\n\n\n<h3 class=\"wp-block-heading\">Affiche 2025<\/h3>\n\n\n\n<p>T\u00e9l\u00e9chargez l&rsquo;affiche de la <strong>Semaine de l&rsquo;\u00e9criture<\/strong> si vous souhaitez l&rsquo;imprimer.<\/p>\n\n\n\n<p><a href=\"https:\/\/www.semainedelecriture.fr\/wp-content\/uploads\/2025\/08\/Affiche-Concours-2025i.pdf\" target=\"_blank\" rel=\"noreferrer noopener\"><i class=\"icon-play\"><\/i> <u>T\u00e9l\u00e9chargez l&rsquo;affiche<\/u><\/a><br><div class=\"clearfix\"><\/div>\n\n\n\n<hr class=\"wp-block-separator has-alpha-channel-opacity\"\/>\n","protected":false},"excerpt":{"rendered":"<p>Fiches p\u00e9dagogiques T\u00e9l\u00e9chargez les fiches p\u00e9dagogiques pourfaire travailler et donner le go\u00fbt de l\u2019\u00e9crit aux \u00e9l\u00e8vesafin qu\u2019ils gardent dans leurs habitudes la sensation de l\u2019\u00e9criture manuelle.(R\u00e9alis\u00e9es en collaboration avec les \u00e9ditions MDI et l&rsquo;Association 5E) T\u00e9l\u00e9chargez les fiches p\u00e9dagogiques Support &hellip; <a href=\"https:\/\/www.semainedelecriture.fr\/index.php\/telechargement\/\">Lire la suite\u00ad\u00ad<\/a><\/p>\n","protected":false},"author":1,"featured_media":0,"parent":0,"menu_order":14,"comment_status":"closed","ping_status":"closed","template":"","meta":{"_mi_skip_tracking":false,"kt_blocks_editor_width":"","footnotes":""},"class_list":["post-1873","page","type-page","status-publish","hentry"],"_links":{"self":[{"href":"https:\/\/www.semainedelecriture.fr\/index.php\/wp-json\/wp\/v2\/pages\/1873","targetHints":{"allow":["GET"]}}],"collection":[{"href":"https:\/\/www.semainedelecriture.fr\/index.php\/wp-json\/wp\/v2\/pages"}],"about":[{"href":"https:\/\/www.semainedelecriture.fr\/index.php\/wp-json\/wp\/v2\/types\/page"}],"author":[{"embeddable":true,"href":"https:\/\/www.semainedelecriture.fr\/index.php\/wp-json\/wp\/v2\/users\/1"}],"replies":[{"embeddable":true,"href":"https:\/\/www.semainedelecriture.fr\/index.php\/wp-json\/wp\/v2\/comments?post=1873"}],"version-history":[{"count":155,"href":"https:\/\/www.semainedelecriture.fr\/index.php\/wp-json\/wp\/v2\/pages\/1873\/revisions"}],"predecessor-version":[{"id":28727,"href":"https:\/\/www.semainedelecriture.fr\/index.php\/wp-json\/wp\/v2\/pages\/1873\/revisions\/28727"}],"wp:attachment":[{"href":"https:\/\/www.semainedelecriture.fr\/index.php\/wp-json\/wp\/v2\/media?parent=1873"}],"curies":[{"name":"wp","href":"https:\/\/api.w.org\/{rel}","templated":true}]}}