{"id":222,"date":"2017-05-15T12:44:38","date_gmt":"2017-05-15T10:44:38","guid":{"rendered":"http:\/\/www.semainedelecriture.fr\/V3\/?page_id=222"},"modified":"2025-01-17T18:13:58","modified_gmt":"2025-01-17T17:13:58","slug":"presse-archives","status":"publish","type":"page","link":"https:\/\/www.semainedelecriture.fr\/index.php\/presse-archives\/","title":{"rendered":"Presse archives"},"content":{"rendered":"<h3 style=\"text-align: center;\">2021 \/ 2022<\/h3>\n<div class=\"space_20 clearfix\"><\/div>\n<p><a href=\"https:\/\/www.letelegramme.fr\/morbihan\/berne\/a-berne-l-ecole-sainte-helene-participe-a-la-semaine-de-l-ecriture-08-10-2022-13195548.php\" target=\"_blank\" rel=\"noopener\"><img loading=\"lazy\" decoding=\"async\" class=\"aligncenter wp-image-21147 size-full\" src=\"https:\/\/www.semainedelecriture.fr\/wp-content\/uploads\/2022\/10\/telegramme.png\" alt=\"\" width=\"301\" height=\"62\" \/><\/a><\/p>\n<p style=\"text-align: center;\"><strong><a href=\"https:\/\/www.letelegramme.fr\/morbihan\/berne\/a-berne-l-ecole-sainte-helene-participe-a-la-semaine-de-l-ecriture-08-10-2022-13195548.php\" target=\"_blank\" rel=\"noopener\">\u00c0 Bern\u00e9, l\u2019\u00e9cole Sainte-H\u00e9l\u00e8ne participe \u00e0 la semaine de l\u2019\u00e9criture<\/a><br \/>\n<\/strong>(8 octobre 2022)<\/p>\n<div class=\"space_20 clearfix\"><\/div>\n<p><a href=\"https:\/\/www.linfo.re\/monde\/amerique\/education-recul-de-l-ecriture-manuscrite-face-aux-claviers\" target=\"_blank\" rel=\"noopener\"><img loading=\"lazy\" decoding=\"async\" class=\"aligncenter wp-image-21144 size-full\" src=\"https:\/\/www.semainedelecriture.fr\/wp-content\/uploads\/2022\/10\/info-logo.png\" alt=\"\" width=\"178\" height=\"51\" \/><\/a><\/p>\n<p style=\"text-align: center;\"><strong><a href=\"https:\/\/www.linfo.re\/monde\/amerique\/education-recul-de-l-ecriture-manuscrite-face-aux-claviers\" target=\"_blank\" rel=\"noopener\">Education : recul de l\u2019\u00e9criture manuscrite face aux claviers<\/a><br \/>\n<\/strong>(8 octobre 2022)<\/p>\n<div class=\"space_20 clearfix\"><\/div>\n<p><a href=\"https:\/\/www.tf1info.fr\/regions\/video-ecrivez-vous-encore-2234486.html\" target=\"_blank\" rel=\"noopener\"><img loading=\"lazy\" decoding=\"async\" class=\"aligncenter wp-image-21140\" src=\"https:\/\/www.semainedelecriture.fr\/wp-content\/uploads\/2022\/10\/TF1-infos.jpg\" alt=\"\" width=\"124\" height=\"118\" \/><\/a><\/p>\n<p style=\"text-align: center;\"><strong><a href=\"https:\/\/www.tf1info.fr\/regions\/video-ecrivez-vous-encore-2234486.html\" target=\"_blank\" rel=\"noopener\">\u00c9crivez-vous encore \u00e0 la main ?<\/a><br \/>\n<\/strong>(5 octobre 2022)<\/p>\n<div class=\"space_20 clearfix\"><\/div>\n<p><a href=\"https:\/\/france3-regions.francetvinfo.fr\/occitanie\/haute-garonne\/toulouse\/entretien-semaine-de-l-ecriture-pourquoi-ecrire-a-la-main-est-si-important-pour-le-developpement-d-un-enfant-2628832.html\" target=\"_blank\" rel=\"noopener\"><img loading=\"lazy\" decoding=\"async\" class=\"aligncenter wp-image-21138 size-full\" src=\"https:\/\/www.semainedelecriture.fr\/wp-content\/uploads\/2022\/10\/France3_occitanie-p.png\" alt=\"\" width=\"200\" height=\"72\" \/><\/a><\/p>\n<p style=\"text-align: center;\"><strong><a href=\"https:\/\/france3-regions.francetvinfo.fr\/occitanie\/haute-garonne\/toulouse\/entretien-semaine-de-l-ecriture-pourquoi-ecrire-a-la-main-est-si-important-pour-le-developpement-d-un-enfant-2628832.html\" target=\"_blank\" rel=\"noopener\">ENTRETIEN. Semaine de l&rsquo;\u00e9criture : pourquoi \u00e9crire \u00e0 la main est si important pour le d\u00e9veloppement d&rsquo;un enfant<\/a><br \/>\n<\/strong>(6 octobre 2022)<\/p>\n<div class=\"space_20 clearfix\"><\/div>\n<p><a href=\"https:\/\/www.leparisien.fr\/societe\/etats-unis-finlande-ces-pays-ou-lecriture-manuscrite-recule-face-aux-claviers-05-10-2022-5PRKBHPMYZE5LMMTOE4JRJKHGA.php\" target=\"_blank\" rel=\"noopener\"><img loading=\"lazy\" decoding=\"async\" class=\"aligncenter wp-image-15392 size-full\" src=\"https:\/\/www.semainedelecriture.fr\/wp-content\/uploads\/2020\/10\/Le-Parisien-logo.jpg\" alt=\"\" width=\"200\" height=\"61\" \/><\/a><\/p>\n<p style=\"text-align: center;\"><strong><a href=\"https:\/\/www.leparisien.fr\/societe\/etats-unis-finlande-ces-pays-ou-lecriture-manuscrite-recule-face-aux-claviers-05-10-2022-5PRKBHPMYZE5LMMTOE4JRJKHGA.php\" target=\"_blank\" rel=\"noopener\">\u00c9tats-Unis, Finlande\u2026 ces pays o\u00f9 l\u2019\u00e9criture manuscrite recule face aux claviers<\/a><br \/>\n<\/strong>(5 octobre 2022)<\/p>\n<div class=\"space_20 clearfix\"><\/div>\n<p><a href=\"https:\/\/rmc.bfmtv.com\/replay-emissions\/les-grandes-gueules\/a-vous-de-choisir-les-francais-ne-savent-plus-ecrire-a-la-main-03-10_VN-202210030293.html\" target=\"_blank\" rel=\"noopener\"><img loading=\"lazy\" decoding=\"async\" class=\"wp-image-21128 size-full aligncenter\" src=\"https:\/\/www.semainedelecriture.fr\/wp-content\/uploads\/2022\/10\/BFM-RMC.png\" alt=\"\" width=\"109\" height=\"84\" \/><\/a><\/p>\n<p style=\"text-align: center;\"><strong><a href=\"https:\/\/rmc.bfmtv.com\/replay-emissions\/les-grandes-gueules\/a-vous-de-choisir-les-francais-ne-savent-plus-ecrire-a-la-main-03-10_VN-202210030293.html\" target=\"_blank\" rel=\"noopener\">\u00c0 vous de choisir : Les Fran\u00e7ais ne savent plus \u00e9crire \u00e0 la main ?<\/a><br \/>\n<\/strong>(3 octobre 2022)<\/p>\n<div class=\"space_20 clearfix\"><\/div>\n<p><a href=\"https:\/\/www.lavoixdunord.fr\/1235994\/article\/2022-10-02\/cambrai-la-graphotherapeute-helene-peronne-propose-une-semaine-de-l-ecriture\" target=\"_blank\" rel=\"noopener\"><img loading=\"lazy\" decoding=\"async\" class=\"aligncenter wp-image-16747\" src=\"https:\/\/www.semainedelecriture.fr\/wp-content\/uploads\/2021\/02\/logo-voix-du-nord-150x150.png\" alt=\"\" width=\"113\" height=\"98\" \/><\/a><\/p>\n<p style=\"text-align: center;\"><strong><a href=\"https:\/\/www.lavoixdunord.fr\/1235994\/article\/2022-10-02\/cambrai-la-graphotherapeute-helene-peronne-propose-une-semaine-de-l-ecriture\" target=\"_blank\" rel=\"noopener\">Cambrai: la graphoth\u00e9rapeute H\u00e9l\u00e8ne P\u00e9ronne propose une semaine de l\u2019\u00e9criture<\/a><br \/>\n<\/strong>(2 octobre 2022)<\/p>\n<div class=\"space_20 clearfix\"><\/div>\n<p style=\"text-align: center;\"><a href=\"https:\/\/www.leparisien.fr\/societe\/vers-la-fin-de-lecriture-manuscrite-02-10-2022-QPCIXLI5OVGGVPQSANSLPHKRQ4.php\" target=\"_blank\" rel=\"noopener noreferrer\"><img loading=\"lazy\" decoding=\"async\" class=\"aligncenter wp-image-15392 size-full\" src=\"https:\/\/www.semainedelecriture.fr\/wp-content\/uploads\/2020\/10\/Le-Parisien-logo.jpg\" alt=\"\" width=\"200\" height=\"61\" \/><\/a><strong><a href=\"https:\/\/www.leparisien.fr\/societe\/vers-la-fin-de-lecriture-manuscrite-02-10-2022-QPCIXLI5OVGGVPQSANSLPHKRQ4.php\" target=\"_blank\" rel=\"noopener\">Vers la fin de l\u2019\u00e9criture manuscrite ?<\/a><br \/>\n<\/strong>(2 octobre 2022)<\/p>\n<h3 style=\"text-align: center;\">2020<\/h3>\n<div class=\"space_20 clearfix\"><\/div>\n<p style=\"text-align: center;\"><a href=\"https:\/\/www.lavoixdunord.fr\/939576\/article\/2021-02-18\/sallaumines-la-plume-de-sakina-oudjama-14-ans-saluee-dans-un-concours-national\" target=\"_blank\" rel=\"noopener noreferrer\"><img loading=\"lazy\" decoding=\"async\" class=\"aligncenter wp-image-16747 \" src=\"https:\/\/www.semainedelecriture.fr\/wp-content\/uploads\/2021\/02\/logo-voix-du-nord.png\" alt=\"\" width=\"135\" height=\"139\" \/><\/a><strong>Sallaumines : la plume de Sakina Oudjama, 14 ans, salu\u00e9e dans un concours national<br \/>\n<\/strong>(18 f\u00e9vrier 2021)<\/p>\n<div class=\"space_20 clearfix\"><\/div>\n<p style=\"text-align: center;\"><a href=\"https:\/\/actu.fr\/normandie\/belleme_61038\/semaine-de-l-ecriture-une-eleve-de-belleme-recompensee_39336955.html\" target=\"_blank\" rel=\"noopener noreferrer\"><img loading=\"lazy\" decoding=\"async\" class=\"aligncenter wp-image-10715 size-full\" src=\"https:\/\/www.semainedelecriture.fr\/wp-content\/uploads\/2019\/11\/le-perche.jpg\" alt=\"\" width=\"206\" height=\"51\" \/><\/a><strong>La Semaine de l&rsquo;\u00e9criture : une \u00e9l\u00e8ve de Bell\u00eame r\u00e9compens\u00e9e<br \/>\n<\/strong>(10 f\u00e9vrier 2021)<\/p>\n<div class=\"space_20 clearfix\"><\/div>\n<p style=\"text-align: center;\"><a href=\"https:\/\/www.ouest-france.fr\/normandie\/belleme-61130\/belleme-trois-eleves-de-l-ecole-saint-michel-primes-7146645\" target=\"_blank\" rel=\"noopener noreferrer\"><img loading=\"lazy\" decoding=\"async\" class=\"aligncenter wp-image-10024 size-full\" src=\"https:\/\/www.semainedelecriture.fr\/wp-content\/uploads\/2019\/10\/LOGO-OUEST-FRANCE-1.jpg\" alt=\"\" width=\"200\" height=\"68\" \/><\/a><strong>Bell\u00eame. Trois \u00e9l\u00e8ves de l\u2019\u00e9cole Saint-Michel prim\u00e9s<br \/>\n<\/strong>(8 f\u00e9vrier 2021)<\/p>\n<div class=\"space_20 clearfix\"><\/div>\n<p style=\"text-align: center;\"><a href=\"https:\/\/www.ouest-france.fr\/pays-de-la-loire\/coulaines-72190\/sarthe-kathleen-99-ans-de-la-resistance-pendant-la-guerre-a-son-amour-pour-l-ecriture-1cf5aa7a-60c1-11eb-ae25-8de10416ba83\" target=\"_blank\" rel=\"noopener noreferrer\"><img loading=\"lazy\" decoding=\"async\" class=\"aligncenter wp-image-16613 size-full\" src=\"https:\/\/www.semainedelecriture.fr\/wp-content\/uploads\/2021\/02\/Le_Maine_Libre.jpg\" alt=\"\" width=\"200\" height=\"76\" \/><\/a><strong>Kathleen, 99 ans, de la r\u00e9sistance pendant la guerre \u00e0 son amour pour l\u2019\u00e9criture<br \/>\n<\/strong>(7 f\u00e9vrier 2021)<\/p>\n<div class=\"space_20 clearfix\"><\/div>\n<p style=\"text-align: center;\"><a href=\"https:\/\/actu.fr\/normandie\/belleme_61038\/la-semaine-de-l-ecriture-s-est-installee-a-belleme-avec-patrice-laffont_38376698.html\" target=\"_blank\" rel=\"noopener noreferrer\"><img loading=\"lazy\" decoding=\"async\" class=\"aligncenter wp-image-10715 size-full\" src=\"https:\/\/www.semainedelecriture.fr\/wp-content\/uploads\/2019\/11\/le-perche.jpg\" alt=\"\" width=\"206\" height=\"51\" \/><\/a><strong>La semaine de l\u2019\u00e9criture s\u2019est install\u00e9e \u00e0 Bell\u00eame avec Patrice Laffont<br \/>\n<\/strong>(29 d\u00e9cembre 2020)<\/p>\n<div class=\"space_20 clearfix\"><\/div>\n<p style=\"text-align: center;\"><a href=\"https:\/\/alencon.maville.com\/actu\/actudet_-orne.-semaine-de-l-ecriture-patrice-laffont-a-dechiffre-des-lettres_loc-4437275_actu.Htm?xtor=RSS-4&amp;utm_source=RSS_MVI_alencon&amp;utm_medium=RSS&amp;utm_campaign=RSS\" target=\"_blank\" rel=\"noopener noreferrer\"><img loading=\"lazy\" decoding=\"async\" class=\"aligncenter wp-image-16333 size-thumbnail\" src=\"https:\/\/www.semainedelecriture.fr\/wp-content\/uploads\/2021\/01\/logo_maville.svg\" alt=\"\" width=\"150\" height=\"150\" \/><\/a><strong>Patrice Laffont a d\u00e9chiffr\u00e9 des lettres<br \/>\n<\/strong>(28 d\u00e9cembre 2020)<\/p>\n<div class=\"space_20 clearfix\"><\/div>\n<p style=\"text-align: center;\"><a href=\"https:\/\/www.letelegramme.fr\/morbihan\/berne\/a-berne-l-ecole-sainte-helene-soigne-l-ecriture-16-10-2020-12639368.php\" target=\"_blank\" rel=\"noopener noreferrer\"><img loading=\"lazy\" decoding=\"async\" class=\"aligncenter wp-image-15508 size-full\" src=\"https:\/\/www.semainedelecriture.fr\/wp-content\/uploads\/2020\/10\/Logo_du_T\u00e9l\u00e9gramme-e1603100624121.jpg\" alt=\"\" width=\"200\" height=\"36\" \/><\/a><strong>\u00c0 Bern\u00e9, l\u2019\u00e9cole Sainte-H\u00e9l\u00e8ne soigne l\u2019\u00e9criture<br \/>\n<\/strong>(16 octobre 2020)<\/p>\n<div class=\"space_20 clearfix\"><\/div>\n<p style=\"text-align: center;\"><a href=\"https:\/\/www.ouest-france.fr\/pays-de-la-loire\/le-mans-72000\/le-mans-des-ecoliers-ecrivent-des-mots-qui-rendent-heureux-7009936\" target=\"_blank\" rel=\"noopener noreferrer\"><img loading=\"lazy\" decoding=\"async\" class=\"aligncenter wp-image-10024 size-full\" src=\"https:\/\/www.semainedelecriture.fr\/wp-content\/uploads\/2019\/10\/LOGO-OUEST-FRANCE-1.jpg\" alt=\"\" width=\"200\" height=\"68\" \/><\/a><strong>Le Mans. Des \u00e9coliers \u00e9crivent des mots qui rendent heureux<br \/>\n<\/strong>(11 octobre 2020)<\/p>\n<div class=\"space_20 clearfix\"><\/div>\n<p style=\"text-align: center;\"><a href=\"https:\/\/www.ladepeche.fr\/2020\/10\/09\/semaine-de-lecriture-manuscrite-nous-sommes-de-moins-en-moins-habiles-a-ecrire-affirme-une-graphologue-9128792.php\" target=\"_blank\" rel=\"noopener noreferrer\"><img loading=\"lazy\" decoding=\"async\" class=\"aligncenter wp-image-15427\" src=\"https:\/\/www.semainedelecriture.fr\/wp-content\/uploads\/2020\/10\/la_depeche_logo.png\" alt=\"\" width=\"200\" height=\"47\" \/><\/a><strong>Semaine de l&rsquo;\u00e9criture manuscrite : \u00ab\u00a0nous sommes de moins en moins habiles \u00e0 \u00e9crire\u00a0\u00bb, affirme une graphologue<br \/>\n<\/strong>(9 octobre 2020)<\/p>\n<div class=\"space_20 clearfix\"><\/div>\n<p style=\"text-align: center;\"><a href=\"https:\/\/www.leparisien.fr\/societe\/reussite-bonne-image-de-soi-tout-ce-que-vehicule-une-belle-ecriture-manuscrite-08-10-2020-8399208.php\" target=\"_blank\" rel=\"noopener noreferrer\"><img loading=\"lazy\" decoding=\"async\" class=\"aligncenter wp-image-15392 size-full\" src=\"https:\/\/www.semainedelecriture.fr\/wp-content\/uploads\/2020\/10\/Le-Parisien-logo.jpg\" alt=\"\" width=\"200\" height=\"61\" \/><\/a><strong>R\u00e9ussite, bonne image de soi\u2026 tout ce que v\u00e9hicule une belle \u00e9criture manuscrite<br \/>\n<\/strong>(8 octobre 2020)<\/p>\n<p style=\"text-align: center;\">Lisez l&rsquo;article du journal <strong>Le Parisien<\/strong> qui parle de la Semaine de l&rsquo;\u00e9criture suite au sondage <strong>OpinionWay<\/strong> : \u00ab\u00a0Les fran\u00e7ais et l&rsquo;\u00e9criture manuscrite\u00a0\u00bb :<a href=\"https:\/\/www.leparisien.fr\/societe\/reussite-bonne-image-de-soi-tout-ce-que-vehicule-une-belle-ecriture-manuscrite-08-10-2020-8399208.php\" target=\"_blank\" rel=\"noopener noreferrer\"><img loading=\"lazy\" decoding=\"async\" class=\"wp-image-15392 aligncenter\" src=\"https:\/\/www.semainedelecriture.fr\/wp-content\/uploads\/2020\/10\/Le-Parisien-logo.jpg\" alt=\"\" width=\"100\" height=\"31\" \/><\/a><\/p>\n<hr \/>\n<p style=\"text-align: center;\"><a href=\"https:\/\/www.francebleu.fr\/emissions\/une-heure-en-france\/la-semaine-de-l-ecriture-operation-chefs-de-gare-pantin-avec-un-ane\" target=\"_blank\" rel=\"noopener noreferrer\"><img loading=\"lazy\" decoding=\"async\" class=\"aligncenter wp-image-10018 \" src=\"https:\/\/www.semainedelecriture.fr\/wp-content\/uploads\/2019\/10\/logo_france-bleu.jpg\" alt=\"\" width=\"79\" height=\"97\" \/><\/a>Ecoutez <strong>l&rsquo;interview<\/strong> de notre pr\u00e9sident <strong>Bernard Bouvet<br \/>\n<\/strong>lors de l&rsquo;\u00e9mission : <strong>Une heure en France<\/strong><strong>.<br \/>\n<\/strong>(7 octobre 2019)<\/p>\n<p style=\"text-align: center;\">(D\u00e9but : <strong>16mn 50sec<\/strong> apr\u00e8s le d\u00e9but de l&rsquo;\u00e9mission<br \/>\nFin <strong>23mn 30sec<\/strong> apr\u00e8s le d\u00e9but de l&rsquo;\u00e9mission)<br \/>\n<a href=\"https:\/\/www.francebleu.fr\/emissions\/une-heure-en-france\/la-semaine-de-l-ecriture-operation-chefs-de-gare-pantin-avec-un-ane\" class=\"btn button btn-shortcode kad-btn kad-btn-primary\" id=\"kadbtn779\" target=\"_blank\" style=\"background-color:#007fac;color:#FFF;\">Ecouter<\/a>\n<div class=\"space_20 clearfix\"><\/div>\n<p style=\"text-align: center;\"><a href=\"https:\/\/www.ouest-france.fr\/normandie\/belleme-61130\/belleme-9e-edition-de-la-semaine-de-l-ecriture-du-5-au-10-octobre-6998948\" target=\"_blank\" rel=\"noopener noreferrer\"><img loading=\"lazy\" decoding=\"async\" class=\"aligncenter wp-image-10024 size-full\" src=\"https:\/\/www.semainedelecriture.fr\/wp-content\/uploads\/2019\/10\/LOGO-OUEST-FRANCE-1.jpg\" alt=\"\" width=\"200\" height=\"68\" \/><\/a><strong>9e \u00e9dition de la Semaine de l\u2019\u00e9criture du 5 au 10 octobre<br \/>\n<\/strong>(3 octobre 2020)<\/p>\n<h3 style=\"text-align: center;\">2019<\/h3>\n<div class=\"space_20 clearfix\"><\/div>\n<p style=\"text-align: center;\"><a href=\"https:\/\/plusquelinfo.kantarmedia.com\/pdfhandler.ashx?guid=K7L%2bkzcbepU4bN8QnlmtkhJJaPwKj9KzuQw%2bvAFkZ%2fK3%2b1cGrHxi2g7%2bRklzW5pPSsKrK9IlJmjDzJejuPNxt5I0mj%2bh5O8BblCyzyay6jRCPb35oAqyXZRwPa9hhc6b6zgKoUQnFTkzq3RxFI3Rm2%2f7Zo0rT%2bkMQkbNOqGvE1GQzDmB42WnXEOb8RcGU4Is\" target=\"_blank\" rel=\"noopener noreferrer\"><img loading=\"lazy\" decoding=\"async\" class=\"aligncenter wp-image-11184 size-full\" src=\"https:\/\/www.semainedelecriture.fr\/wp-content\/uploads\/2019\/11\/l-eveil-de-pont-audemer_200.png\" alt=\"\" width=\"200\" height=\"72\" \/><\/a><strong>Semaine de l&rsquo;\u00e9criture : deux<br \/>\ncoll\u00e9giens prim\u00e9s<\/strong><br \/>\n( 26 novembre 2019 )<\/p>\n<div class=\"space_20 clearfix\"><\/div>\n<p style=\"text-align: center;\"><a href=\"https:\/\/plusquelinfo.kantarmedia.com\/pdfhandler.ashx?guid=K7L%2bkzcbepU4bN8QnlmtkhJJaPwKj9KzuQw%2bvAFkZ%2fK3%2b1cGrHxi2g7%2bRklzW5pPSsKrK9IlJmjDzJejuPNxt5I0mj%2bh5O8BblCyzyay6jTwv%2bfmAGNGbRBk13FVveGim9AD%2b0z%2ft3KOI1Aye%2ffTxgg7y1lXnaNntGv40U1Ir89xaqScO8i3eYc0aARuZFnD\" target=\"_blank\" rel=\"noopener noreferrer\"><img loading=\"lazy\" decoding=\"async\" class=\"aligncenter wp-image-10342\" src=\"https:\/\/www.semainedelecriture.fr\/wp-content\/uploads\/2019\/10\/logo-telegramme-300x63.jpg\" alt=\"\" width=\"248\" height=\"52\" \/><\/a><strong>L\u2019\u00e9cole Sainte-H\u00e9l\u00e8ne obtient un<br \/>\ndeuxi\u00e8me prix \u00e0 la semaine de l\u2019\u00e9criture<\/strong><br \/>\n( 23 novembre 2019 )<\/p>\n<div class=\"space_20 clearfix\"><\/div>\n<p style=\"text-align: center;\"><a href=\"https:\/\/plusquelinfo.kantarmedia.com\/pdfhandler.ashx?guid=K7L%2bkzcbepU4bN8QnlmtkhJJaPwKj9KzuQw%2bvAFkZ%2fK3%2b1cGrHxi2g7%2bRklzW5pPSsKrK9IlJmjDzJejuPNxt5I0mj%2bh5O8BblCyzyay6jTjQrfAIlLwrX8CjtOapmY%2bxt0svReAHiX%2bg439QAmQD%2fuvc%2bsPHDv07LeNvytINH1cHd3btEOnE%2b4vxfFTYVik\" target=\"_blank\" rel=\"noopener noreferrer\"><img loading=\"lazy\" decoding=\"async\" class=\"aligncenter wp-image-10024 size-full\" src=\"https:\/\/www.semainedelecriture.fr\/wp-content\/uploads\/2019\/10\/LOGO-OUEST-FRANCE-1.jpg\" alt=\"\" width=\"200\" height=\"68\" \/><\/a><strong>L\u2019\u00e9criture gourmande de Lucie<br \/>\nr\u00e9compens\u00e9e<\/strong><br \/>\n( 22 novembre 2019 )<\/p>\n<div class=\"space_20 clearfix\"><\/div>\n<p style=\"text-align: center;\"><a href=\"https:\/\/plusquelinfo.kantarmedia.com\/pdfhandler.ashx?guid=K7L%2bkzcbepU4bN8QnlmtkhJJaPwKj9KzuQw%2bvAFkZ%2fK3%2b1cGrHxi2g7%2bRklzW5pPSsKrK9IlJmjDzJejuPNxt5I0mj%2bh5O8BblCyzyay6jQi11vCIPOG8Mr%2fH7SpvE009zQQFs7s9RZawesjrPQk0lTfjSOeuHPeThvFVZmZDrqib2wk3px2EBsWGXdqgaOU\" target=\"_blank\" rel=\"noopener noreferrer\"><img loading=\"lazy\" decoding=\"async\" class=\"aligncenter wp-image-10715 size-full\" src=\"https:\/\/www.semainedelecriture.fr\/wp-content\/uploads\/2019\/11\/le-perche.jpg\" alt=\"\" width=\"206\" height=\"51\" \/><\/a><strong>Apr\u00e8s la Semaine de l&rsquo;\u00e9criture, les<br \/>\n\u00e9coles envoient leurs textes<\/strong><br \/>\n( 6 novembre 2019 )<\/p>\n<div class=\"space_20 clearfix\"><\/div>\n<p style=\"text-align: center;\"><a href=\"https:\/\/plusquelinfo.kantarmedia.com\/pdfhandler.ashx?guid=K7L%2bkzcbepU4bN8QnlmtkhJJaPwKj9KzuQw%2bvAFkZ%2fK3%2b1cGrHxi2g7%2bRklzW5pPSsKrK9IlJmjDzJejuPNxt5I0mj%2bh5O8BblCyzyay6jTt41qbyHgNCyAG57oCG7GvUrDfldKk1n4U7G3Rxo0o2dYAGXZLggAXr5dc754UH8cCxcUq9fmgkrbUE5Kq3AYh\" target=\"_blank\" rel=\"noopener noreferrer\"><img loading=\"lazy\" decoding=\"async\" class=\"aligncenter wp-image-10582 size-full\" src=\"https:\/\/www.semainedelecriture.fr\/wp-content\/uploads\/2019\/10\/logo_la_ruche_200.jpg\" alt=\"\" width=\"200\" height=\"71\" \/><\/a><strong>Les bons mots des \u00e9coliers sur cartes<br \/>\npostales<\/strong><br \/>\n( 25 octobre 2019 )<\/p>\n<div class=\"space_20 clearfix\"><\/div>\n<p style=\"text-align: center;\"><a href=\"https:\/\/plusquelinfo.kantarmedia.com\/pdfhandler.ashx?guid=K7L%2bkzcbepU4bN8QnlmtkhJJaPwKj9KzuQw%2bvAFkZ%2fK3%2b1cGrHxi2g7%2bRklzW5pPSsKrK9IlJmjDzJejuPNxt5I0mj%2bh5O8BblCyzyay6jSujnCFRQUiF2Rvp34bDVgA19DrlS4BJBLvr70BpIIhCIBCtyhJA%2fGpN%2b5OKsqZq%2fp5Go1SE5cb2CThRXhosxj7\" target=\"_blank\" rel=\"noopener noreferrer\"><img loading=\"lazy\" decoding=\"async\" class=\"aligncenter wp-image-10024 size-full\" src=\"https:\/\/www.semainedelecriture.fr\/wp-content\/uploads\/2019\/10\/LOGO-OUEST-FRANCE-1.jpg\" alt=\"\" width=\"200\" height=\"68\" \/><\/a><strong>Une semaine pour garder le go\u00fbt<br \/>\nd\u2019\u00e9crire \u00e0 la main<\/strong><br \/>\n( 21 octobre 2019 )<\/p>\n<div class=\"space_20 clearfix\"><\/div>\n<p style=\"text-align: center;\"><a href=\"https:\/\/granville.maville.com\/actu\/actudet_-villedieu-les-poeles-rouffigny.-les-eleves-s-improvisent-ecrivains_dep-3875117_actu.Htm\" target=\"_blank\" rel=\"noopener noreferrer\"><img loading=\"lazy\" decoding=\"async\" class=\"aligncenter wp-image-10428 size-full\" src=\"https:\/\/www.semainedelecriture.fr\/wp-content\/uploads\/2019\/10\/logo_maville.jpg\" alt=\"\" width=\"150\" height=\"38\" \/><\/a><strong>Villedieu-les-Po\u00eales-Rouffigny. Les \u00e9l\u00e8ves<br \/>\ns\u2019improvisent \u00e9crivains<\/strong><br \/>\n( 17 octobre 2019 )<\/p>\n<div class=\"space_20 clearfix\"><\/div>\n<p style=\"text-align: center;\"><a href=\"https:\/\/www.la-thierache.fr\/2019\/10\/14\/marly-gomont-les-ce1-ce2-ecrivent-une-chanson\/\" target=\"_blank\" rel=\"noopener noreferrer\"><img loading=\"lazy\" decoding=\"async\" class=\"aligncenter wp-image-10201 size-full\" src=\"https:\/\/www.semainedelecriture.fr\/wp-content\/uploads\/2019\/10\/logo-thierache.png\" alt=\"\" width=\"200\" height=\"59\" \/><\/a><strong>Marly-Gomont : Les CE1-CE2 \u00e9crivent une<br \/>\nchanson<\/strong><br \/>\n( 14 octobre 2019 )<\/p>\n<div class=\"space_20 clearfix\"><\/div>\n<p style=\"text-align: center;\"><a href=\"https:\/\/plusquelinfo.kantarmedia.com\/pdfhandler.ashx?guid=K7L%2bkzcbepU4bN8QnlmtkhJJaPwKj9KzuQw%2bvAFkZ%2fK3%2b1cGrHxi2g7%2bRklzW5pPSsKrK9IlJmjDzJejuPNxt5I0mj%2bh5O8BblCyzyay6jQ%2bghYcZeIDzUfPoKTTkFqG%2faXajHsu2gyd3xig1yaP7%2bYv60EG%2buBjEWGc6n6tOO8h7sz%2b%2brHfTxTiGj5ItDIx\" target=\"_blank\" rel=\"noopener noreferrer\"><img loading=\"lazy\" decoding=\"async\" class=\"aligncenter wp-image-10342\" src=\"https:\/\/www.semainedelecriture.fr\/wp-content\/uploads\/2019\/10\/logo-telegramme-300x63.jpg\" alt=\"\" width=\"248\" height=\"52\" \/><\/a><strong>Sainte-H\u00e9l\u00e8ne. Les CM \u00e0 la semaine<br \/>\nde l\u2019\u00e9criture<\/strong><br \/>\n( 12 octobre 2019 )<\/p>\n<div class=\"space_20 clearfix\"><\/div>\n<p style=\"text-align: center;\"><a href=\"https:\/\/plusquelinfo.kantarmedia.com\/pdfhandler.ashx?guid=K7L%2bkzcbepU4bN8QnlmtkhJJaPwKj9KzuQw%2bvAFkZ%2fK3%2b1cGrHxi2g7%2bRklzW5pPSsKrK9IlJmjDzJejuPNxt5I0mj%2bh5O8BblCyzyay6jQoeJrAITR0DQFIrxb5y9DoJ8fH47Z168DoaNJfuKjhRVU2%2bdMj9IoGb1TUH7EWpjlomlu6h%2bL0hkxdvcm6vHgD\" target=\"_blank\" rel=\"noopener noreferrer\"><img loading=\"lazy\" decoding=\"async\" class=\"aligncenter wp-image-10250 size-full\" src=\"https:\/\/www.semainedelecriture.fr\/wp-content\/uploads\/2019\/10\/logo_lalsace.png\" alt=\"\" width=\"200\" height=\"46\" \/><\/a><strong>Une carte postale pour d\u00e9velopper le<br \/>\ngo\u00fbt d\u2019\u00e9crire<\/strong><br \/>\n( 11 octobre 2019 )<\/p>\n<div class=\"space_20 clearfix\"><\/div>\n<p style=\"text-align: center;\"><a href=\"https:\/\/plusquelinfo.kantarmedia.com\/pdfhandler.ashx?guid=K7L%2bkzcbepU4bN8QnlmtkhJJaPwKj9KzuQw%2bvAFkZ%2fK3%2b1cGrHxi2g7%2bRklzW5pPSsKrK9IlJmjDzJejuPNxt5I0mj%2bh5O8BblCyzyay6jSiVaxSQyLhrz8Vbc47lw8LZlO6XIfAZ3MD2wuT243G%2bj%2bpD7Km3lb1buxMOqh%2bJvRWUBYYM6phi%2f772ThafRtN\" target=\"_blank\" rel=\"noopener noreferrer\"><img loading=\"lazy\" decoding=\"async\" class=\"aligncenter wp-image-10201 size-full\" src=\"https:\/\/www.semainedelecriture.fr\/wp-content\/uploads\/2019\/10\/logo-thierache.png\" alt=\"\" width=\"200\" height=\"59\" \/><\/a><strong>Les CE1-CE2 \u00e9crivent une chanson<\/strong><br \/>\n( 10 octobre 2019 )<\/p>\n<div class=\"space_20 clearfix\"><\/div>\n<p style=\"text-align: center;\"><a href=\"https:\/\/www.semainedelecriture.fr\/presse\/2019\/FR1613042_617271808.pdf\" target=\"_blank\" rel=\"noopener noreferrer\"><img loading=\"lazy\" decoding=\"async\" class=\"aligncenter wp-image-10024 size-full\" src=\"https:\/\/www.semainedelecriture.fr\/wp-content\/uploads\/2019\/10\/LOGO-OUEST-FRANCE-1.jpg\" alt=\"\" width=\"200\" height=\"68\" \/><\/a><strong>Il oeuvre d&rsquo;arrache-pied pour sauver<br \/>\nl&rsquo;\u00e9criture manuelle<\/strong><br \/>\n( 8 octobre 2019 )<\/p>\n<div class=\"space_20 clearfix\"><\/div>\n<p style=\"text-align: center;\"><a href=\"https:\/\/www.semainedelecriture.fr\/presse\/2019\/FR1613042_617271225_d.pdf\" target=\"_blank\" rel=\"noopener noreferrer\"><img loading=\"lazy\" decoding=\"async\" class=\"aligncenter wp-image-10024 size-full\" src=\"https:\/\/www.semainedelecriture.fr\/wp-content\/uploads\/2019\/10\/LOGO-OUEST-FRANCE-1.jpg\" alt=\"\" width=\"200\" height=\"68\" \/><\/a><strong>N\u00e9 dans une carte postale, l&rsquo;Ornais<\/strong><br \/>\n<strong>fait l&rsquo;\u00e9loge de l&rsquo;\u00e9criture<br \/>\n<\/strong>(NB : 3 pages)<br \/>\n( 8 octobre 2019 )<\/p>\n<div class=\"space_20 clearfix\"><\/div>\n<p><!---\n\n\n<p style=\"text-align: center;\"><a href=\"https:\/\/www.semainedelecriture.fr\/presse\/2019\/FR1613042_617060294_c.pdf\" target=\"_blank\" rel=\"noopener noreferrer\"><img loading=\"lazy\" decoding=\"async\" class=\"aligncenter wp-image-10018 size-full\" src=\"https:\/\/www.semainedelecriture.fr\/wp-content\/uploads\/2019\/10\/logo_france-bleu.jpg\" alt=\"\" width=\"150\" height=\"150\"><\/a><strong>La Semaine de l'\u00e9criture<\/strong>\n( 7 octobre 2019 )<\/p>\n\n\n\n[space_20]\n\n--><\/p>\n<p style=\"text-align: center;\"><a href=\"https:\/\/www.loisiramag.fr\/le-mag\/3364\/semaine-de-l-ecriture-8-concours-l-endroit-ou-j-aimerais-vivre\" target=\"_blank\" rel=\"noopener noreferrer\"><img loading=\"lazy\" decoding=\"async\" class=\"aligncenter wp-image-9829 size-full\" src=\"https:\/\/www.semainedelecriture.fr\/wp-content\/uploads\/2019\/10\/logo_loisiramag.jpg\" alt=\"\" width=\"200\" height=\"67\" \/><\/a><strong>Une vingtaine de classes inscrites<\/strong><br \/>\n( 1er octobre 2019 )<\/p>\n<div class=\"space_20 clearfix\"><\/div>\n<p><!---\n\n\n<p style=\"text-align: center;\"><a href=\"https:\/\/www.semainedelecriture.fr\/presse\/2019\/Les_Dernieres_Nouvelles_dAlsace_Strasbourg_Strasbourg_15_20190930220000.pdf\" target=\"_blank\" rel=\"noopener noreferrer\"><img loading=\"lazy\" decoding=\"async\" class=\"aligncenter wp-image-9826 size-full\" src=\"https:\/\/www.semainedelecriture.fr\/wp-content\/uploads\/2019\/10\/logo-DNA.jpg\" alt=\"\" width=\"200\" height=\"89\"><\/a><strong>Une vingtaine de classes inscrites<\/strong>\n( 1er octobre 2019 )<\/p>\n\n\n\n--><\/p>\n<p style=\"text-align: center;\">\n<h3 style=\"text-align: center;\">2018<\/h3>\n<div class=\"space_20 clearfix\"><\/div>\n<p style=\"text-align: center;\"><a href=\"https:\/\/www.semainedelecriture.fr\/presse\/2018\/FR1613042_532671827.pdf\" target=\"_blank\" rel=\"noopener noreferrer\"><img loading=\"lazy\" decoding=\"async\" class=\"aligncenter wp-image-5698 size-full\" src=\"https:\/\/www.semainedelecriture.fr\/wp-content\/uploads\/2018\/11\/logo-Midi-Libre.jpg\" alt=\"\" width=\"200\" height=\"33\" \/><\/a><strong>Laur\u00e9ates d&rsquo;un concours d&rsquo;\u00e9criture<\/strong><br \/>\n( 29 novembre 2018 )<\/p>\n<div class=\"space_20 clearfix\"><\/div>\n<p style=\"text-align: center;\"><a href=\"https:\/\/www.semainedelecriture.fr\/presse\/2018\/FR1613042_529215676.pdf\" target=\"_blank\" rel=\"noopener noreferrer\"><img loading=\"lazy\" decoding=\"async\" class=\"wp-image-2553 aligncenter\" src=\"https:\/\/www.semainedelecriture.fr\/wp-content\/uploads\/2017\/05\/logoPNP-300x152.png\" alt=\"\" width=\"207\" height=\"96\" \/><\/a><strong>La Semaine de l\u2019\u00e9criture s\u00e9duit de plus en plus<\/strong><br \/>\n( 18 novembre 2018 )<\/p>\n<div class=\"space_20 clearfix\"><\/div>\n<p style=\"text-align: center;\"><a href=\"https:\/\/www.semainedelecriture.fr\/presse\/2018\/L'Ardennais_20181110230000.pdf\" target=\"_blank\" rel=\"noopener noreferrer\"><img loading=\"lazy\" decoding=\"async\" class=\"aligncenter wp-image-5436 size-thumbnail\" src=\"https:\/\/www.semainedelecriture.fr\/wp-content\/uploads\/2018\/11\/logo_ardennais-150x42.jpg\" alt=\"\" width=\"150\" height=\"42\" \/><\/a><strong>L&rsquo;hommage des enfants de 2018<\/strong><br \/>\n( 11 novembre 2018 )<\/p>\n<div class=\"space_20 clearfix\"><\/div>\n<p style=\"text-align: center;\"><a href=\"https:\/\/www.semainedelecriture.fr\/presse\/2018\/FR1613042_524697959.pdf\" target=\"_blank\" rel=\"noopener noreferrer\"><img loading=\"lazy\" decoding=\"async\" class=\"aligncenter\" src=\"https:\/\/www.semainedelecriture.fr\/images\/le-perche.jpg\" alt=\"LE_PERCHE\" width=\"180\" height=\"51\" name=\"LE_PERCHE\" \/><\/a><strong>3 450 classes en France participent \u00e0 la Semaine de l&rsquo;\u00e9criture<\/strong><br \/>\n( 31 Octobre 2018 )<\/p>\n<div class=\"space_20 clearfix\"><\/div>\n<p style=\"text-align: center;\"><a href=\"https:\/\/www.semainedelecriture.fr\/presse\/2018\/FR1613042_524747641.pdf\" target=\"_blank\" rel=\"noopener noreferrer\"><img loading=\"lazy\" decoding=\"async\" class=\"aligncenter\" src=\"https:\/\/www.semainedelecriture.fr\/images\/LOGO-OUEST-FRANCE.jpg\" alt=\"OUEST FRANCE\" width=\"180\" height=\"68\" name=\"OUEST FRANCE\" \/><\/a><strong>Plus de 100 000 \u00e9l\u00e8ves \u00e0 la Semaine de l\u2019\u00e9criture<\/strong><br \/>\n( 31 Octobre 2018 )<\/p>\n<div class=\"space_20 clearfix\"><\/div>\n<p style=\"text-align: center;\"><a href=\"https:\/\/www.semainedelecriture.fr\/presse\/2018\/FR1613042_522350886.pdf\" target=\"_blank\" rel=\"noopener noreferrer\"><img loading=\"lazy\" decoding=\"async\" class=\"aligncenter wp-image-5288 size-thumbnail\" src=\"https:\/\/www.semainedelecriture.fr\/wp-content\/uploads\/2018\/10\/logo-pnp-black-150x64.jpg\" alt=\"PNP\" width=\"150\" height=\"64\" \/><\/a><strong>LA GRANDE FETE DE L&rsquo;ECRITURE ET DE LA CARTE POSTALE<\/strong><br \/>\n(\u00a0Octobre 2018 )<\/p>\n<div class=\"space_20 clearfix\"><\/div>\n<p style=\"text-align: center;\"><a href=\"https:\/\/www.semainedelecriture.fr\/presse\/2018\/FR1613042_520208042.pdf\" target=\"_blank\" rel=\"noopener noreferrer\"><img loading=\"lazy\" decoding=\"async\" class=\"aligncenter wp-image-2548\" src=\"https:\/\/www.semainedelecriture.fr\/wp-content\/uploads\/2017\/05\/logo-telegramme-300x63.jpg\" alt=\"\" width=\"248\" height=\"50\" \/><\/a><\/p>\n<p style=\"text-align: center;\">( 15 octobre 2018 )<\/p>\n<div class=\"space_20 clearfix\"><\/div>\n<p style=\"text-align: center;\"><a href=\"https:\/\/www.semainedelecriture.fr\/presse\/2018\/FR1613042_518001389.pdf\" target=\"_blank\" rel=\"noopener noreferrer\"><img loading=\"lazy\" decoding=\"async\" class=\"aligncenter\" src=\"https:\/\/www.semainedelecriture.fr\/images\/logo-dauphine-libere.jpg\" alt=\"Dauphine libre\" width=\"180\" height=\"52\" name=\"Dauphine libre\" \/><\/a><\/p>\n<p style=\"text-align: center;\">( 7 octobre 2018 )<\/p>\n<div class=\"space_20 clearfix\"><\/div>\n<p style=\"text-align: center;\"><a href=\"https:\/\/www.semainedelecriture.fr\/presse\/2018\/Ouest_France_23_25_27_29_31_33_20181002220000.pdf\" target=\"_blank\" rel=\"noopener noreferrer\"><img loading=\"lazy\" decoding=\"async\" class=\"aligncenter\" src=\"https:\/\/www.semainedelecriture.fr\/images\/LOGO-OUEST-FRANCE.jpg\" alt=\"OUEST FRANCE\" width=\"180\" height=\"68\" name=\"OUEST FRANCE\" \/><\/a>( 3 octobre 2018 )<\/p>\n<div class=\"space_20 clearfix\"><\/div>\n<p style=\"text-align: center;\"><a href=\"https:\/\/www.semainedelecriture.fr\/presse\/2018\/Maires_de_France_4_20180831220000.pdf\" target=\"_blank\" rel=\"noopener noreferrer\"><img loading=\"lazy\" decoding=\"async\" class=\"aligncenter wp-image-5072\" src=\"https:\/\/www.semainedelecriture.fr\/wp-content\/uploads\/2017\/05\/Maires_de_France-150x150.jpg\" alt=\"\" width=\"140\" height=\"97\" \/><\/a><\/p>\n<p style=\"text-align: center;\">( Septembre 2018 )<\/p>\n<div class=\"space_20 clearfix\"><\/div>\n<p style=\"text-align: center;\"><a href=\"https:\/\/www.semainedelecriture.fr\/presse\/2018\/La_Montagne_des_Hautes-Pyrenees_10_20180920220000.pdf\" target=\"_blank\" rel=\"noopener noreferrer\"><img loading=\"lazy\" decoding=\"async\" class=\"wp-image-4970 size-full aligncenter\" src=\"https:\/\/www.semainedelecriture.fr\/wp-content\/uploads\/2018\/09\/La-Montagne-des-Hautes-Pyr\u00e9n\u00e9es.jpg\" alt=\"\" width=\"150\" height=\"39\" \/><\/a><\/p>\n<p style=\"text-align: center;\">(\u00a021 septembre 2018 )<\/p>\n<div class=\"space_20 clearfix\"><\/div>\n<p style=\"text-align: center;\"><a href=\"https:\/\/www.ladepeche.fr\/article\/2018\/09\/21\/2872980-une-carte-postale-sur-le-futur.html\" target=\"_blank\" rel=\"noopener noreferrer\"><img loading=\"lazy\" decoding=\"async\" class=\"aligncenter\" src=\"https:\/\/www.semainedelecriture.fr\/images\/logo_depeche.png\" alt=\"LA DEPECHE\" width=\"180\" height=\"46\" name=\"LA DEPECHE\" \/><\/a><\/p>\n<p style=\"text-align: center;\">(\u00a021 septembre 2018 )<\/p>\n<div class=\"space_20 clearfix\"><\/div>\n<p style=\"text-align: center;\"><a href=\"https:\/\/www.semainedelecriture.fr\/presse\/2018\/La_Classe_11_20180930220000\" target=\"_blank\" rel=\"noopener noreferrer\"><img loading=\"lazy\" decoding=\"async\" class=\"aligncenter\" src=\"https:\/\/www.semainedelecriture.fr\/images\/logo_La_Classe.jpg\" alt=\"La Classe\" width=\"180\" height=\"51\" name=\"La Classe\" \/><\/a><\/p>\n<p style=\"text-align: center;\">(\u00a0Octobre 2018 )<\/p>\n<h3 style=\"text-align: center;\">2017<\/h3>\n<div class=\"space_20 clearfix\"><\/div>\n<p style=\"text-align: center;\"><a href=\"https:\/\/actu.fr\/normandie\/gisors_27284\/semaine-lecriture-deux-eleves-paul-eluard-dans-top-dix-national-gisors_16480745.html\" target=\"_blank\" rel=\"noopener noreferrer\"><img loading=\"lazy\" decoding=\"async\" class=\"aligncenter wp-image-2727 size-full\" src=\"https:\/\/www.semainedelecriture.fr\/wp-content\/uploads\/2018\/05\/l-impartial_w200.png\" alt=\"\" width=\"200\" height=\"52\" \/><\/a><\/p>\n<p style=\"text-align: center;\">(\u00a029\u00a0avril 2018 )<\/p>\n<div class=\"space_20 clearfix\"><\/div>\n<p style=\"text-align: center;\"><a href=\"https:\/\/www.semainedelecriture.fr\/presse\/2017\/2017-12-15-LA _LETTRE_PNP.pdf\" target=\"_blank\" rel=\"noopener noreferrer\"><img loading=\"lazy\" decoding=\"async\" class=\"aligncenter wp-image-2553\" src=\"https:\/\/www.semainedelecriture.fr\/wp-content\/uploads\/2017\/05\/logoPNP-300x152.png\" alt=\"\" width=\"207\" height=\"96\" \/><\/a>(\u00a015\u00a0d\u00e9cembre 2017 )<\/p>\n<div class=\"space_20 clearfix\"><\/div>\n<p style=\"text-align: center;\"><a href=\"https:\/\/www.semainedelecriture.fr\/presse\/2017\/2017-10-30-LA_MANCHE_LIBRE.pdf\" target=\"_blank\" rel=\"noopener noreferrer\"><img loading=\"lazy\" decoding=\"async\" class=\"aligncenter wp-image-2556\" src=\"https:\/\/www.semainedelecriture.fr\/wp-content\/uploads\/2017\/10\/logo-la_manche_libre-300x87.png\" alt=\"\" width=\"246\" height=\"71\" srcset=\"https:\/\/www.semainedelecriture.fr\/wp-content\/uploads\/2017\/10\/logo-la_manche_libre-300x87.png 300w, https:\/\/www.semainedelecriture.fr\/wp-content\/uploads\/2017\/10\/logo-la_manche_libre-768x224.png 768w, https:\/\/www.semainedelecriture.fr\/wp-content\/uploads\/2017\/10\/logo-la_manche_libre-1024x298.png 1024w, https:\/\/www.semainedelecriture.fr\/wp-content\/uploads\/2017\/10\/logo-la_manche_libre.png 1280w\" sizes=\"auto, (max-width: 246px) 100vw, 246px\" \/><\/a><\/p>\n<p style=\"text-align: center;\">( 30 octobre 2017 )<\/p>\n<div class=\"space_20 clearfix\"><\/div>\n<p style=\"text-align: center;\"><a href=\"https:\/\/www.semainedelecriture.fr\/presse\/2017\/2017-10-24-PNP.pdf\" target=\"_blank\" rel=\"noopener noreferrer\"><img loading=\"lazy\" decoding=\"async\" class=\"aligncenter wp-image-2553\" src=\"https:\/\/www.semainedelecriture.fr\/wp-content\/uploads\/2017\/05\/logoPNP-300x152.png\" alt=\"\" width=\"207\" height=\"96\" \/><\/a>( 24 octobre 2017 )<\/p>\n<div class=\"space_20 clearfix\"><\/div>\n<p style=\"text-align: center;\"><a href=\"https:\/\/www.semainedelecriture.fr\/presse\/2017\/2017-10-24-OUEST_FRANCE.pdf\" target=\"_blank\" rel=\"noopener noreferrer\"><img loading=\"lazy\" decoding=\"async\" class=\"aligncenter\" src=\"https:\/\/www.semainedelecriture.fr\/images\/LOGO-OUEST-FRANCE.jpg\" alt=\"OUEST FRANCE\" width=\"180\" height=\"68\" name=\"OUEST FRANCE\" \/><\/a>( 24 octobre 2017 )<\/p>\n<div class=\"space_20 clearfix\"><\/div>\n<p style=\"text-align: center;\"><a href=\"https:\/\/www.semainedelecriture.fr\/presse\/2017\/2017-10-24-LE_TELEGRAMME.pdf\" target=\"_blank\" rel=\"noopener noreferrer\"><img loading=\"lazy\" decoding=\"async\" class=\"aligncenter wp-image-2548\" src=\"https:\/\/www.semainedelecriture.fr\/wp-content\/uploads\/2017\/05\/logo-telegramme-300x63.jpg\" alt=\"\" width=\"248\" height=\"50\" \/><\/a>( 24 octobre 2017 )<\/p>\n<div class=\"space_20 clearfix\"><\/div>\n<p style=\"text-align: center;\"><a href=\"https:\/\/www.semainedelecriture.fr\/presse\/2017\/2017-10-11-LE_PERCHE.pdf\" target=\"_blank\" rel=\"noopener noreferrer\"><img loading=\"lazy\" decoding=\"async\" class=\"aligncenter\" src=\"https:\/\/www.semainedelecriture.fr\/images\/le-perche.jpg\" alt=\"LE_PERCHE\" width=\"180\" height=\"51\" name=\"LE_PERCHE\" \/><\/a>( 10 octobre 2017 )<\/p>\n<div class=\"space_20 clearfix\"><\/div>\n<p style=\"text-align: center;\"><a href=\"https:\/\/www.semainedelecriture.fr\/presse\/2017\/2017-10-09-OUEST_FRANCE.pdf\" target=\"_blank\" rel=\"noopener noreferrer\"><img loading=\"lazy\" decoding=\"async\" class=\"aligncenter\" src=\"https:\/\/www.semainedelecriture.fr\/images\/LOGO-OUEST-FRANCE.jpg\" alt=\"OUEST FRANCE\" width=\"180\" height=\"68\" name=\"OUEST FRANCE\" \/><\/a>( 7 octobre 2017 )<\/p>\n<div class=\"space_20 clearfix\"><\/div>\n<p><a href=\"https:\/\/www.semainedelecriture.fr\/presse\/2017\/2017-10-05-lalsace.fr.pdf\" target=\"_blank\" rel=\"noopener noreferrer\"><img loading=\"lazy\" decoding=\"async\" class=\"aligncenter wp-image-2449\" src=\"https:\/\/www.semainedelecriture.fr\/wp-content\/uploads\/2017\/05\/logo_lalsace.fr_.jpg\" alt=\"\" width=\"228\" height=\"40\" \/><\/a><\/p>\n<p style=\"text-align: center;\">( 5 Octobre 2017 )<\/p>\n<div class=\"space_20 clearfix\"><\/div>\n<p style=\"text-align: center;\"><a href=\"https:\/\/www.semainedelecriture.fr\/presse\/2017\/2017-10-05-PAPETIER_DE_FRANCE.pdf\" target=\"_blank\" rel=\"noopener noreferrer\"><img loading=\"lazy\" decoding=\"async\" class=\"aligncenter\" src=\"https:\/\/www.semainedelecriture.fr\/images\/logo_papetier.jpg\" alt=\"Le Papetier\" width=\"180\" height=\"64\" name=\"Le Papetier\" \/><\/a>( Septembre Octobre 2017 )<\/p>\n<div class=\"space_20 clearfix\"><\/div>\n<p><a href=\"https:\/\/www.semainedelecriture.fr\/presse\/2017\/ALS_20171005_JDE.pdf\" target=\"_blank\" rel=\"noopener noreferrer\"><img loading=\"lazy\" decoding=\"async\" class=\"aligncenter wp-image-2360\" src=\"https:\/\/www.semainedelecriture.fr\/wp-content\/uploads\/2017\/05\/logo-jde.jpg\" alt=\"\" width=\"125\" height=\"123\" \/><\/a><\/p>\n<p style=\"text-align: center;\">( 3 Octobre 2017 )<\/p>\n<div class=\"space_20 clearfix\"><\/div>\n<p style=\"text-align: center;\"><a href=\"https:\/\/www.semainedelecriture.fr\/presse\/2017\/2017-09-28-MAIRES_DE_FRANCE.pdf\" target=\"_blank\" rel=\"noopener noreferrer\"><img loading=\"lazy\" decoding=\"async\" class=\"aligncenter wp-image-2259\" src=\"https:\/\/www.semainedelecriture.fr\/wp-content\/uploads\/2017\/09\/logo-mdf-300x62.jpg\" alt=\"\" width=\"248\" height=\"48\" \/><\/a>( 28 Septembre 2017 )<\/p>\n<div class=\"space_20 clearfix\"><\/div>\n<p style=\"text-align: center;\"><a href=\"https:\/\/www.semainedelecriture.fr\/presse\/2017\/2017-09-28-OUEST_FRANCE.pdf\" target=\"_blank\" rel=\"noopener noreferrer\"><img loading=\"lazy\" decoding=\"async\" class=\"aligncenter\" src=\"https:\/\/www.semainedelecriture.fr\/images\/LOGO-OUEST-FRANCE.jpg\" alt=\"OUEST FRANCE\" width=\"180\" height=\"68\" name=\"OUEST FRANCE\" \/><\/a>( 28 Septembre 2017 )<\/p>\n<div class=\"space_20 clearfix\"><\/div>\n<p style=\"text-align: center;\"><a href=\"https:\/\/www.semainedelecriture.fr\/presse\/2017\/2017-09-27-LE_PERCHE.pdf\" target=\"_blank\" rel=\"noopener noreferrer\"><img loading=\"lazy\" decoding=\"async\" class=\"aligncenter\" src=\"https:\/\/www.semainedelecriture.fr\/images\/le-perche.jpg\" alt=\"LE_PERCHE\" width=\"180\" height=\"51\" name=\"LE_PERCHE\" \/><\/a>( 27 Septembre 2017 )<\/p>\n<div class=\"space_20 clearfix\"><\/div>\n<iframe loading=\"lazy\" style=\"border: none; overflow: hidden;\" src=\"https:\/\/www.facebook.com\/plugins\/post.php?href=https%3A%2F%2Fwww.facebook.com%2Flamareauxmots%2Fposts%2F1709183965759648&amp;width=500\" width=\"500\" height=\"617\" frameborder=\"0\" scrolling=\"no\" data-mce-fragment=\"1\"><\/iframe><\/p>\n<p style=\"text-align: center;\"><a href=\"https:\/\/www.amf.asso.fr\/partenariat\/fiche.asp?par_n_id=1258\" target=\"_blank\" rel=\"noopener noreferrer\"><img loading=\"lazy\" decoding=\"async\" class=\"aligncenter wp-image-2156 size-full\" src=\"https:\/\/www.semainedelecriture.fr\/wp-content\/uploads\/2017\/05\/logo_amf2011.png\" alt=\"\" width=\"225\" height=\"100\" \/><\/a>( 25 Septembre 2017 )<\/p>\n<div class=\"space_20 clearfix\"><\/div>\n<p style=\"text-align: center;\"><a href=\"https:\/\/www.semainedelecriture.fr\/presse\/2017\/2017-09-18-www.papetierdefrance.com-18-09-2017.pdf\" target=\"_blank\" rel=\"noopener noreferrer\"><img loading=\"lazy\" decoding=\"async\" class=\"aligncenter\" src=\"https:\/\/www.semainedelecriture.fr\/images\/logo_papetier.jpg\" alt=\"Le Papetier\" width=\"180\" height=\"64\" name=\"Le Papetier\" \/><\/a>( 18 Septembre 2017 )<\/p>\n<div class=\"space_20 clearfix\"><\/div>\n<p style=\"text-align: center;\"><a href=\"https:\/\/semainedelecriture.fr\/presse\/2017\/2017-09-18-REPUBLIQUE_DE_SEINE_ET_MARNE-18_SEPT_17.pdf\" target=\"_blank\" rel=\"noopener noreferrer\"><img loading=\"lazy\" decoding=\"async\" class=\"aligncenter wp-image-1847 size-full\" src=\"https:\/\/www.semainedelecriture.fr\/wp-content\/uploads\/2017\/09\/Logo-Republique-SEM.jpg\" alt=\"\" width=\"200\" height=\"41\" \/><\/a>( 18 Septembre 2017 )<\/p>\n<div class=\"space_20 clearfix\"><\/div>\n<p>https:\/\/www.jourapresjourjegrandis.fr\/concours-ma-planete\/<\/p>\n<p><a href=\"https:\/\/www.semainedelecriture.fr\/presse\/2017\/2017-09-05-PNP.pdf\" target=\"_blank\" rel=\"noopener noreferrer\"><img loading=\"lazy\" decoding=\"async\" class=\"aligncenter\" src=\"https:\/\/www.semainedelecriture.fr\/images\/logo-pnp-magazine.jpg\" alt=\"PNP MAGAZINE\" width=\"180\" height=\"98\" name=\"PNP MAGAZINE\" \/><\/a><\/p>\n<p style=\"text-align: center;\">( Ao\u00fbt \/ Septembre 2017 )<\/p>\n<div id=\"presse_page\" style=\"text-align: center;\"><a href=\"https:\/\/www.semainedelecriture.fr\/presse\/2017-08-18-LA-CLASSE-SEPT-17.pdf\" target=\"_blank\" rel=\"noopener noreferrer\"><img decoding=\"async\" src=\"https:\/\/www.semainedelecriture.fr\/images\/logo_La_Classe.jpg\" alt=\"La Classe\" width=\"180\" name=\"La Classe\" \/><\/a><\/div>\n<p style=\"text-align: center;\">( 18 ao\u00fbt 2017 )<\/p>\n<div style=\"text-align: center;\"><\/div>\n<div style=\"text-align: center;\"><a href=\"https:\/\/www.le-republicain.fr\/actualites-locales\/maisse-amelia-remporte-prix-jury\" target=\"_blank\" rel=\"noopener noreferrer\"><img decoding=\"async\" src=\"https:\/\/www.semainedelecriture.fr\/images\/logo_le_republicain.png\" alt=\"LE_REPUBLICAIN\" width=\"180\" name=\"LE_REPUBLICAIN\" \/><\/a><br \/>\n( 24 f\u00e9vrier 2017 )<\/div>\n<div id=\"presse_page\" style=\"text-align: center;\"><a href=\"https:\/\/www.azinat.com\/2017\/02\/tarascon-remise-de-diplomes-du-concours-national-decriture-sur-carte-postale\/\" target=\"_blank\" rel=\"noopener noreferrer\"><img decoding=\"async\" src=\"https:\/\/www.semainedelecriture.fr\/images\/logo_depeche.png\" alt=\"LA DEPECHE\" width=\"180\" name=\"LA DEPECHE\" \/><\/a><br \/>\n( 7 f\u00e9vrier 2017 )<\/div>\n<div id=\"presse_page\" style=\"text-align: center;\"><a href=\"https:\/\/www.semainedelecriture.fr\/presse\/2017-01-15@Nouvelle-republique.pdf\" target=\"_blank\" rel=\"noopener noreferrer\"><img decoding=\"async\" src=\"https:\/\/www.semainedelecriture.fr\/images\/logo_nouvelle_republique.png\" alt=\"LA NOUVELLE REPUBLIQUE\" name=\"LA NOUVELLERE PUBLIQUE\" \/><\/a><\/div>\n<div style=\"text-align: center;\">( 16 janvier 2017 )<\/div>\n<div id=\"presse_page\" style=\"text-align: center;\"><a href=\"https:\/\/www.semainedelecriture.fr\/presse\/2017-01-04@PNP397.pdf\" target=\"_blank\" rel=\"noopener noreferrer\"><img decoding=\"async\" src=\"https:\/\/www.semainedelecriture.fr\/images\/logo-pnp-magazine.jpg\" alt=\"PNP MAGAZINE\" width=\"180\" name=\"PNP MAGAZINE\" \/><\/a><br \/>\n( 04 janvier 2017 )<\/div>\n<div id=\"presse_page\" style=\"text-align: center;\"><a href=\"https:\/\/www.semainedelecriture.fr\/presse\/2016-12-22@LE%20PARISIEN.pdf\" target=\"_blank\" rel=\"noopener noreferrer\"><img decoding=\"async\" src=\"https:\/\/www.semainedelecriture.fr\/images\/Le-Parisien-logo.jpg\" alt=\"Le Parisien\" width=\"180\" name=\"Le Parisien\" \/><\/a><br \/>\n( 22 d\u00e9cembre 2016 )<\/div>\n<div id=\"presse_page\" style=\"text-align: center;\"><a href=\"https:\/\/www.papetierdefrance.com\/news\/edition_reussie_pour_la_semaine_de_l_ecriture-5515.aspx\" target=\"_blank\" rel=\"noopener noreferrer\"><img decoding=\"async\" src=\"https:\/\/www.semainedelecriture.fr\/images\/logo_papetier.jpg\" alt=\"PAPETIER_DE_FRANCE\" width=\"180\" name=\"PAPETIER_DE_FRANCE\" \/><\/a><br \/>\n( 30 novembre 2016 )<\/div>\n<div id=\"presse_page\" style=\"text-align: center;\"><a href=\"https:\/\/www.semainedelecriture.fr\/presse\/2016-11-09%7E1694@LE_PERCHE.pdf\" target=\"_blank\" rel=\"noopener noreferrer\"><img decoding=\"async\" src=\"https:\/\/www.semainedelecriture.fr\/images\/le-perche.jpg\" alt=\"LE_PERCHE\" width=\"180\" name=\"LE_PERCHE\" \/><\/a><br \/>\n( 9 novembre 2016 )<\/div>\n<div id=\"presse_page\" style=\"text-align: center;\"><a href=\"https:\/\/www.semainedelecriture.fr\/presse\/2016-11-04%7E1949@LA_DEPECHE_DU_MIDI.pdf\" target=\"_blank\" rel=\"noopener noreferrer\"><img decoding=\"async\" src=\"https:\/\/www.semainedelecriture.fr\/images\/logo-depeche_midi.png\" alt=\"LA_DEPECHE_DU_MIDI\" width=\"180\" name=\"LA_DEPECHE_DU_MIDI\" \/><\/a><br \/>\n( 1er novembre 2016 )<\/div>\n<div id=\"presse_page\" style=\"text-align: center;\"><a href=\"https:\/\/www.semainedelecriture.fr\/presse\/2016-11-01%7E1328@LE_COURRIER_DE_L_OUEST.pdf\" target=\"_blank\" rel=\"noopener noreferrer\"><img decoding=\"async\" src=\"https:\/\/www.semainedelecriture.fr\/images\/logo_le%20courrier_de_louest.jpg\" alt=\"LE_COURRIER_DE_L_OUEST\" width=\"180\" name=\"LE_COURRIER_DE_L_OUEST\" \/><\/a><br \/>\n( 1er novembre 2016 )<\/div>\n<h3 style=\"text-align: center;\">2016<\/h3>\n<div id=\"presse_page\" style=\"text-align: center;\"><a href=\"https:\/\/www.semainedelecriture.fr\/presse\/2016-10-26%7E1260@LE_REVEIL_NORMAND.pdf\" target=\"_blank\" rel=\"noopener noreferrer\"><img decoding=\"async\" src=\"https:\/\/www.semainedelecriture.fr\/images\/logo_reveil_normand.png\" alt=\"LE_REVEIL_NORMAND\" width=\"180\" name=\"LE_REVEIL_NORMAND\" \/><\/a><br \/>\n( 26 octobre 2016 )<\/div>\n<div id=\"presse_page\" style=\"text-align: center;\"><a href=\"https:\/\/www.semainedelecriture.fr\/presse\/2016-10-24%7E5853@WWW_LEREPUBLICAIN_FR.pdf\" target=\"_blank\" rel=\"noopener noreferrer\"><img decoding=\"async\" src=\"https:\/\/www.semainedelecriture.fr\/images\/logo_le_republicain.png\" alt=\"LE_REPUBLICAIN\" width=\"180\" name=\"LE_REPUBLICAIN\" \/><\/a><br \/>\n( 23 octobre 2016 )<\/div>\n<div id=\"presse_page\" style=\"text-align: center;\"><a href=\"https:\/\/www.semainedelecriture.fr\/presse\/2016-10-22%7E1666@LE_PETIT_JOURNAL_EDITION_TOULO.pdf\" target=\"_blank\" rel=\"noopener noreferrer\"><img decoding=\"async\" src=\"https:\/\/www.semainedelecriture.fr\/images\/logo_lepetitjournalToulousain.png\" alt=\"LE_PETIT_JOURNAL_EDITION_TOULO\" width=\"180\" name=\"LE_PETIT_JOURNAL_EDITION_TOULO\" \/><\/a><br \/>\n( 21 octobre 2016 )<\/div>\n<div id=\"presse_page\" style=\"text-align: center;\"><a href=\"https:\/\/www.semainedelecriture.fr\/presse\/2016-10-21%7E1630@PAYS_BRIARD.pdf\" target=\"_blank\" rel=\"noopener noreferrer\"><img decoding=\"async\" src=\"https:\/\/www.semainedelecriture.fr\/images\/logo_pays-briard.png\" alt=\"LE_PAYS_BRIARD\" width=\"180\" name=\"LE_PAYS_BRIARD\" \/><\/a><br \/>\n( 21 octobre 2016 )<\/div>\n<div id=\"presse_page\" style=\"text-align: center;\"><a href=\"https:\/\/www.semainedelecriture.fr\/presse\/2016-10-20-1040@LE_REPUBLICAIN.pdf\" target=\"_blank\" rel=\"noopener noreferrer\"><img decoding=\"async\" src=\"https:\/\/www.semainedelecriture.fr\/images\/logo_le_republicain.png\" alt=\"LE_REPUBLICAIN\" width=\"180\" name=\"LE_REPUBLICAIN\" \/><\/a><br \/>\n( 20 octobre 2016 )<\/div>\n<div id=\"presse_page\" style=\"text-align: center;\"><a href=\"https:\/\/www.semainedelecriture.fr\/presse\/2016-10-20%7E5728@WWW_LECHOREPUBLICAIN_FR.pdf\" target=\"_blank\" rel=\"noopener noreferrer\"><img decoding=\"async\" src=\"https:\/\/www.semainedelecriture.fr\/images\/logo_Echo-republicain.png\" alt=\"L_ECHO_REPUBLICAIN\" width=\"180\" name=\"L_ECHO_REPUBLICAIN\" \/><\/a><br \/>\n( 19 octobre 2016 )<\/div>\n<div id=\"presse_page\" style=\"text-align: center;\"><a href=\"https:\/\/www.semainedelecriture.fr\/presse\/2016-10-19-1208@L_ECHO_REPUBLICAIN.pdf\" target=\"_blank\" rel=\"noopener noreferrer\"><img decoding=\"async\" src=\"https:\/\/www.semainedelecriture.fr\/images\/logo_Echo-republicain.png\" alt=\"L_ECHO_REPUBLICAIN\" width=\"180\" name=\"L_ECHO_REPUBLICAIN\" \/><\/a><br \/>\n( 19 octobre 2016 )<\/div>\n<div id=\"presse_page\" style=\"text-align: center;\"><a href=\"https:\/\/www.semainedelecriture.fr\/presse\/2016-10-18-1633@LE_MAINE_LIBRE.pdf\" target=\"_blank\" rel=\"noopener noreferrer\"><img decoding=\"async\" src=\"https:\/\/www.semainedelecriture.fr\/images\/logo-maine-libre.jpg\" alt=\"LE_MAINE_LIBRE\" width=\"180\" name=\"LE_MAINE_LIBRE\" \/><\/a><br \/>\n( 18 octobre 2016 )<\/div>\n<div id=\"presse_page\" style=\"text-align: center;\"><a href=\"https:\/\/www.semainedelecriture.fr\/presse\/2016-10-18@article_le_progres.pdf\" target=\"_blank\" rel=\"noopener noreferrer\"><img decoding=\"async\" src=\"https:\/\/www.semainedelecriture.fr\/images\/logo_le_progres.jpg\" alt=\"le_progres\" width=\"180\" name=\"le_progres\" \/><\/a><br \/>\n( 8 octobre 2016 )<\/div>\n<div id=\"presse_page\" style=\"text-align: center;\"><a href=\"https:\/\/www.semainedelecriture.fr\/presse\/2016-10-18-1656@PAYS_BRIARD.pdf\" target=\"_blank\" rel=\"noopener noreferrer\"><img decoding=\"async\" src=\"https:\/\/www.semainedelecriture.fr\/images\/logo_pays-briard.png\" alt=\"LE_PAYS_BRIARD\" width=\"180\" name=\"LE_PAYS_BRIARD\" \/><\/a><br \/>\n( 17 octobre 2016 )<\/div>\n<div id=\"presse_page\" style=\"text-align: center;\"><a href=\"https:\/\/www.semainedelecriture.fr\/presse\/2016-10-17-1377@REPUBLIQUE_DE_SEINE_ET_MARNE.pdf\" target=\"_blank\" rel=\"noopener noreferrer\"><img decoding=\"async\" src=\"https:\/\/www.semainedelecriture.fr\/images\/logo_republique-seine-et-marne.jpg\" alt=\"republique-seine-et-marne\" width=\"180\" name=\"republique-seine-et-marne\" \/><\/a><br \/>\n( 17 octobre 2016 )<\/div>\n<div id=\"presse_page\" style=\"text-align: center;\"><a href=\"https:\/\/www.semainedelecriture.fr\/presse\/2016-10-18-1375@REPUBLIQUE_DE_SEINE_ET_MARNE.pdf\" target=\"_blank\" rel=\"noopener noreferrer\"><img decoding=\"async\" src=\"https:\/\/www.semainedelecriture.fr\/images\/logo_republique-seine-et-marne.jpg\" alt=\"republique-seine-et-marne\" width=\"180\" name=\"republique-seine-et-marne\" \/><\/a><br \/>\n( 17 octobre 2016 )<\/div>\n<div id=\"presse_page\" style=\"text-align: center;\"><a href=\"https:\/\/www.seppe.fr\/crbst_16.html\" target=\"_blank\" rel=\"noopener noreferrer\"><img decoding=\"async\" src=\"https:\/\/www.semainedelecriture.fr\/images\/logo_eppe.gif\" alt=\"EPPE\" height=\"100\" name=\"EPPE\" \/><\/a><br \/>\n( 16 octobre 2016 )<\/div>\n<div id=\"presse_page\" style=\"text-align: center;\"><a href=\"https:\/\/www.semainedelecriture.fr\/presse\/2016-10-14-1725@PNP_PROFESSION_NOUVEAU_PAPETIE.pdf\" target=\"_blank\" rel=\"noopener noreferrer\"><img decoding=\"async\" src=\"https:\/\/www.semainedelecriture.fr\/images\/logo-pnp-magazine.jpg\" alt=\"PNP MAGAZINE\" width=\"180\" name=\"PNP MAGAZINE\" \/><\/a><br \/>\n( 16 octobre 2016 )<\/div>\n<div id=\"presse_page\" style=\"text-align: center;\"><a href=\"https:\/\/www.semainedelecriture.fr\/presse\/2016-10-16-1575@LA_MANCHE_LIBRE.pdf\" target=\"_blank\" rel=\"noopener noreferrer\"><img decoding=\"async\" src=\"https:\/\/www.semainedelecriture.fr\/images\/logo_la_manchelibre.jpg\" alt=\"LA MANCHE LIBRE\" width=\"180\" name=\"LA MANCHE LIBRE\" \/><\/a><br \/>\n( 15 octobre 2016 )<\/div>\n<div id=\"presse_page\" style=\"text-align: center;\"><a href=\"https:\/\/www.semainedelecriture.fr\/presse\/2016-10-14-1672@OUEST_FRANCE.pdf\" target=\"_blank\" rel=\"noopener noreferrer\"><img decoding=\"async\" src=\"https:\/\/www.semainedelecriture.fr\/images\/sud-ouest.jpg\" alt=\"Sud Ouest\" name=\"Sud Ouest\" \/><\/a><br \/>\n( 14 octobre 2016 )<\/div>\n<div id=\"presse_page\" style=\"text-align: center;\"><a href=\"https:\/\/www.semainedelecriture.fr\/presse\/2016-10-13%7E1807@LE_REPUBLICAIN.pdf\" target=\"_blank\" rel=\"noopener noreferrer\"><img decoding=\"async\" src=\"https:\/\/www.semainedelecriture.fr\/images\/logo_le_republicain.png\" alt=\"LE_REPUBLICAIN\" width=\"180\" name=\"LE_REPUBLICAIN\" \/><\/a><br \/>\n( 13 octobre 2016 )<\/div>\n<div id=\"presse_page\" style=\"text-align: center;\"><a href=\"https:\/\/www.semainedelecriture.fr\/presse\/2016-10-12%7E1749@LE_PERCHE.pdf\" target=\"_blank\" rel=\"noopener noreferrer\"><img decoding=\"async\" src=\"https:\/\/www.semainedelecriture.fr\/images\/le-perche.jpg\" alt=\"LE_PERCHE\" width=\"180\" name=\"LE_PERCHE\" \/><\/a><br \/>\n( 12 octobre 2016 )<\/div>\n<div id=\"presse_page\" style=\"text-align: center;\"><a href=\"https:\/\/www.semainedelecriture.fr\/presse\/2016-10-13%7E1845@LA_PRESSE_D_ARMOR.pdf\" target=\"_blank\" rel=\"noopener noreferrer\"><img decoding=\"async\" src=\"https:\/\/www.semainedelecriture.fr\/images\/logo_la_presse_d_armor.png\" alt=\"LA_PRESSE_D_ARMOR\" width=\"180\" name=\"LA_PRESSE_D_ARMOR\" \/><\/a><br \/>\n( 12 octobre 2016 )<\/div>\n<div id=\"presse_page\" style=\"text-align: center;\"><a href=\"https:\/\/www.semainedelecriture.fr\/presse\/2016-10-12%7E5097@WWW_LANOUVELLEREPUBLIQUE_FR.pdf\" target=\"_blank\" rel=\"noopener noreferrer\"><img decoding=\"async\" src=\"https:\/\/www.semainedelecriture.fr\/images\/logo_nouvelle_republique.png\" alt=\"LA NOUVELLE REPUBLIQUE\" name=\"LA NOUVELLERE PUBLIQUE\" \/><\/a><br \/>\n( 12 octobre 2016 )<\/div>\n<div id=\"presse_page\" style=\"text-align: center;\"><a href=\"https:\/\/www.semainedelecriture.fr\/presse\/2016-10-12%7E5822@WWW_SUDOUEST_FR.pdf\" target=\"_blank\" rel=\"noopener noreferrer\"><img decoding=\"async\" src=\"https:\/\/www.semainedelecriture.fr\/images\/sud-ouest.jpg\" alt=\"Sud Ouest\" name=\"Sud Ouest\" \/><\/a><br \/>\n( 12 octobre 2016 )<\/div>\n<div id=\"presse_page\" style=\"text-align: center;\"><a href=\"https:\/\/www.semainedelecriture.fr\/presse\/2016-10-11%7E1475@OUEST_FRANCE.pdf\" target=\"_blank\" rel=\"noopener noreferrer\"><img decoding=\"async\" class=\"aligncenter\" src=\"https:\/\/www.semainedelecriture.fr\/images\/LOGO-OUEST-FRANCE.jpg\" alt=\"OUEST FRANCE\" width=\"180\" name=\"OUEST FRANCE\" \/><\/a>( 11 octobre 2016 )<\/div>\n<div id=\"presse_page\" style=\"text-align: center;\"><a href=\"https:\/\/www.semainedelecriture.fr\/presse\/2016-10-07_1430@MIDI_LIBRE.pdf\" target=\"_blank\" rel=\"noopener noreferrer\"><img decoding=\"async\" src=\"https:\/\/www.semainedelecriture.fr\/images\/logo_midi-libre_blanc.jpg\" alt=\"MIDI_LIBRE\" width=\"180\" name=\"MIDI_LIBRE\" \/><\/a><br \/>\n( 7 octobre 2016 )<\/div>\n<div id=\"presse_page\" style=\"text-align: center;\"><a href=\"https:\/\/www.semainedelecriture.fr\/presse\/Ateliers_Servane_NELVA.pdf\" target=\"_blank\" rel=\"noopener noreferrer\"><img loading=\"lazy\" decoding=\"async\" src=\"https:\/\/www.semainedelecriture.fr\/images\/logo-pdf.png\" width=\"30\" height=\"30\" name=\"logo pdf\" \/><\/a><br \/>\n( 7 octobre 2016 )<\/div>\n<div id=\"presse_page\" style=\"text-align: center;\"><a href=\"https:\/\/www.semainedelecriture.fr\/presse\/2016-10-06_1637@LE_REPUBLICAIN.pdf\" target=\"_blank\" rel=\"noopener noreferrer\"><img decoding=\"async\" src=\"https:\/\/www.semainedelecriture.fr\/images\/logo_le_republicain.png\" alt=\"LA DEPECHE\" width=\"180\" name=\"LA DEPECHE\" \/><\/a><br \/>\n( 6 octobre 2016 )<\/div>\n<div id=\"presse_page\" style=\"text-align: center;\"><a href=\"https:\/\/www.semainedelecriture.fr\/presse\/2016-10-06%7E1636@LE_REPUBLICAIN.pdf\" target=\"_blank\" rel=\"noopener noreferrer\"><img decoding=\"async\" src=\"https:\/\/www.semainedelecriture.fr\/images\/logo_le_republicain.png\" alt=\"LE_REPUBLICAIN\" width=\"180\" name=\"LE_REPUBLICAIN\" \/><\/a><br \/>\n( 6 octobre 2016 )<\/div>\n<div id=\"presse_page\" style=\"text-align: center;\"><a href=\"https:\/\/www.kolectiv.fr\/podcasts\/sous-les-projos\/\" target=\"_blank\" rel=\"noopener noreferrer\">Interview radio : Sous les Projos (Podcast 105)<\/a><br \/>\n( 30 septembre 2016 )<\/div>\n<div id=\"presse_page\" style=\"text-align: center;\"><a href=\"https:\/\/www.semainedelecriture.fr\/presse\/2016-10-05@LA_DEPECHE_2.pdf\" target=\"_blank\" rel=\"noopener noreferrer\"><img decoding=\"async\" src=\"https:\/\/www.semainedelecriture.fr\/images\/logo-depeche_midi.png\" alt=\"LA DEPECHE\" width=\"180\" name=\"LA DEPECHE\" \/><\/a><br \/>\n( 5 octobre 2016 )<\/div>\n<div id=\"presse_page\" style=\"text-align: center;\"><a href=\"https:\/\/www.semainedelecriture.fr\/presse\/2016-10-05%7E5983@WWW_LADEPECHE_FR.pdf\" target=\"_blank\" rel=\"noopener noreferrer\"><img decoding=\"async\" src=\"https:\/\/www.semainedelecriture.fr\/images\/logo_depeche.png\" alt=\"LA DEPECHE\" width=\"180\" name=\"LA DEPECHE\" \/><\/a><br \/>\n( 5 octobre 2016 )<\/div>\n<div id=\"presse_page\" style=\"text-align: center;\"><a href=\"https:\/\/www.semainedelecriture.fr\/presse\/2016-10-04%7E1905@LE_PARISIEN.pdf\" target=\"_blank\" rel=\"noopener noreferrer\"><img decoding=\"async\" src=\"https:\/\/www.semainedelecriture.fr\/images\/Le-Parisien-logo.jpg\" alt=\"Le Parisien\" width=\"180\" name=\"Le Parisien\" \/><br \/>\n<\/a><a href=\"https:\/\/www.leparisien.fr\/paris-75\/beaubourg-redonne-gout-au-plaisir-d-ecrire-04-10-2016-6173219.php\" target=\"_blank\" rel=\"noopener noreferrer\">Article sur le site<\/a><br \/>\n( 4 octobre 2016 )<\/div>\n<div id=\"presse_page\" style=\"text-align: center;\"><a href=\"https:\/\/www.semainedelecriture.fr\/presse\/2016-10-04%7E1860@OUEST_FRANCE.pdf\" target=\"_blank\" rel=\"noopener noreferrer\"><img decoding=\"async\" src=\"https:\/\/www.semainedelecriture.fr\/images\/LOGO-OUEST-FRANCE.jpg\" alt=\"OUEST FRANCE\" width=\"180\" name=\"OUEST FRANCE\" \/><\/a><br \/>\n( 4 octobre 2016 )<\/div>\n<div id=\"presse_page\" style=\"text-align: center;\"><a href=\"https:\/\/www.amf.asso.fr\/partenariat\/fiche.asp?par_n_id=1191&amp;\" target=\"_blank\" rel=\"noopener noreferrer\"><img decoding=\"async\" src=\"https:\/\/www.semainedelecriture.fr\/images\/logo_AMF.jpg\" alt=\"AMF\" width=\"180\" name=\"AMF\" \/><\/a><br \/>\n( 3 octobre 2016 )<\/div>\n<div id=\"presse_page\" style=\"text-align: center;\"><a href=\"https:\/\/www.semainedelecriture.fr\/presse\/2016-10-03%7E5875@WWW_PAPETIERDEFRANCE_COM.pdf\" target=\"_blank\" rel=\"noopener noreferrer\"><img decoding=\"async\" src=\"https:\/\/www.semainedelecriture.fr\/images\/logo_papetier.jpg\" alt=\"Le Papetier\" width=\"180\" name=\"Le Papetier\" \/><\/a><br \/>\n( 3 octobre 2016 )<\/div>\n<div id=\"presse_page\" style=\"text-align: center;\"><a href=\"https:\/\/www.semainedelecriture.fr\/presse\/2016-10-01%7E1327@SUD_OUEST.pdf\" target=\"_blank\" rel=\"noopener noreferrer\"><img decoding=\"async\" src=\"https:\/\/www.semainedelecriture.fr\/images\/sud-ouest.jpg\" alt=\"Sud Ouest\" name=\"Sud Ouest\" \/><\/a><br \/>\n( 1er octobre 2016 )<\/div>\n<div id=\"presse_page\" style=\"text-align: center;\"><a href=\"https:\/\/www.semainedelecriture.fr\/presse\/2016-09-29%7E1414@LE_TELEGRAMME.pdf\" target=\"_blank\" rel=\"noopener noreferrer\"><img decoding=\"async\" src=\"https:\/\/www.semainedelecriture.fr\/images\/logo_letelegramme.png\" alt=\"LE_TELEGRAMME\" width=\"180\" name=\"LE_TELEGRAMME\" \/><\/a><br \/>\n( 29 septembre 2016 )<\/div>\n<div id=\"presse_page\" style=\"text-align: center;\"><a href=\"https:\/\/www.semainedelecriture.fr\/presse\/2016-09-28%7E1018@LA_PRESSE_D_ARMOR.pdf\" target=\"_blank\" rel=\"noopener noreferrer\"><img decoding=\"async\" src=\"https:\/\/www.semainedelecriture.fr\/images\/logo_la_presse_d_armor.png\" alt=\"LA_PRESSE_D_ARMOR\" width=\"180\" name=\"LA_PRESSE_D_ARMOR\" \/><\/a><br \/>\n( 28 septembre 2016 )<\/div>\n<div id=\"presse_page\" style=\"text-align: center;\"><a href=\"https:\/\/www.semainedelecriture.fr\/presse\/2016-09-26%7E5563@WWW_PRESSEAGENCE_FR.pdf\" target=\"_blank\" rel=\"noopener noreferrer\"><img decoding=\"async\" src=\"https:\/\/www.semainedelecriture.fr\/images\/logo_presse_agence.png\" alt=\"PRESSE_AGENCE\" width=\"180\" name=\"PRESSE_AGENCE\" \/><\/a><br \/>\n( 26 septembre 2016 )<\/div>\n<div id=\"presse_page\" style=\"text-align: center;\"><a href=\"https:\/\/leschroniquesculturelles.com\/2016\/09\/25\/bloc-notes-25\/\" target=\"_blank\" rel=\"noopener noreferrer\"><u>Blog<\/u> : Cultur&rsquo;elle<\/a><br \/>\n( 25 septembre 2016 )<\/div>\n<div id=\"presse_page\" style=\"text-align: center;\"><a href=\"https:\/\/www.jourapresjourjegrandis.fr\/concours-revez\/\" target=\"_blank\" rel=\"noopener noreferrer\"><u>Blog<\/u> : Jour apr\u00e8s jour, je grandis<\/a><br \/>\n( 24 septembre 2016 )<\/div>\n<div id=\"presse_page\" style=\"text-align: center;\"><a href=\"https:\/\/www.semainedelecriture.fr\/presse\/2016-09-21%7E1850@LE_PERCHE.pdf\" target=\"_blank\" rel=\"noopener noreferrer\"><img decoding=\"async\" src=\"https:\/\/www.semainedelecriture.fr\/images\/le-perche.jpg\" alt=\"LE_PERCHE\" width=\"180\" name=\"LE_PERCHE\" \/><\/a><br \/>\n( 21 septembre 2016 )<\/div>\n<div id=\"presse_page\" style=\"text-align: center;\"><a href=\"https:\/\/www.semainedelecriture.fr\/presse\/2016-09-16%7E1894@PAPETIER_DE_FRANCE.pdf\" target=\"_blank\" rel=\"noopener noreferrer\"><img decoding=\"async\" src=\"https:\/\/www.semainedelecriture.fr\/images\/logo_papetier.jpg\" alt=\"PAPETIER_DE_FRANCE\" width=\"180\" name=\"PAPETIER_DE_FRANCE\" \/><\/a><br \/>\n( 16 septembre 2016 )<\/div>\n<div id=\"presse_page\" style=\"text-align: center;\"><a href=\"https:\/\/www.semainedelecriture.fr\/presse\/2016-09-16%7E1920@LE_TELEGRAMME.pdf\" target=\"_blank\" rel=\"noopener noreferrer\"><img decoding=\"async\" src=\"https:\/\/www.semainedelecriture.fr\/images\/logo_letelegramme.png\" alt=\"LE TELEGRAMME\" width=\"180\" name=\"LE TELEGRAMME\" \/><\/a><br \/>\n( 16 septembre 2016 )<\/div>\n<div id=\"presse_page\" style=\"text-align: center;\"><a href=\"https:\/\/www.semainedelecriture.fr\/presse\/2016-09-14%7E1488@LA_PRESSE_D_ARMOR.pdf\" target=\"_blank\" rel=\"noopener noreferrer\"><img decoding=\"async\" src=\"https:\/\/www.semainedelecriture.fr\/images\/logo_la_presse_d_armor.png\" alt=\"LA_PRESSE_D_ARMOR\" width=\"180\" name=\"LA_PRESSE_D_ARMOR\" \/><\/a><br \/>\n( 14 septembre 2016 )<\/div>\n<div id=\"presse_page\" style=\"text-align: center;\"><a href=\"https:\/\/www.semainedelecriture.fr\/presse\/2016-09-08%7E1908@PNP_PROFESSION_NOUVEAU_PAPETIE.pdf\" target=\"_blank\" rel=\"noopener noreferrer\"><img decoding=\"async\" src=\"https:\/\/www.semainedelecriture.fr\/images\/logo-pnp-magazine.jpg\" alt=\"PNP MAGAZINE\" width=\"180\" name=\"PNP MAGAZINE\" \/><\/a><br \/>\n( 8 septembre 2016 )<\/div>\n<div id=\"presse_page\" style=\"text-align: center;\"><a href=\"https:\/\/www.semainedelecriture.fr\/presse\/2016-09-06%7E5509@WWW_CARACTERE_NET.pdf\" target=\"_blank\" rel=\"noopener noreferrer\"><img decoding=\"async\" src=\"https:\/\/www.semainedelecriture.fr\/images\/logo_caractere.jpg\" alt=\"Caractere\" width=\"180\" name=\"Caractere\" \/><\/a><br \/>\n( 5 septembre 2016 )<\/div>\n<div id=\"presse_page\" style=\"text-align: center;\"><a href=\"https:\/\/www.semainedelecriture.fr\/presse\/2016-09-01%7E1684@CENTRE_PRESSE.pdf\" target=\"_blank\" rel=\"noopener noreferrer\"><img decoding=\"async\" src=\"https:\/\/www.semainedelecriture.fr\/images\/Logo-centre-Presse.jpg\" alt=\"Centre Presse\" width=\"180\" name=\"Centre Presse\" \/><\/a><br \/>\n( 1er septembre 2016 )<\/div>\n<div id=\"presse_page\" style=\"text-align: center;\"><a href=\"https:\/\/www.jourapresjourjegrandis.fr\/si-jetais-une-carte-postale-des-annees-2100\/\" target=\"_blank\" rel=\"noopener noreferrer\"><u>Blog<\/u> : Jour apr\u00e8s jour, je grandis<\/a><br \/>\n( 31 ao\u00fbt 2016 )<\/div>\n<div id=\"presse_page\" style=\"text-align: center;\"><a href=\"https:\/\/www.semainedelecriture.fr\/presse\/2016-08-25@la_classe_271.pdf\" target=\"_blank\" rel=\"noopener noreferrer\"><img decoding=\"async\" src=\"https:\/\/www.semainedelecriture.fr\/images\/logo_La_Classe.jpg\" alt=\"La Classe\" width=\"180\" name=\"La Classe\" \/><\/a><br \/>\n( 25 ao\u00fbt 2016 )<\/div>\n<div id=\"presse_page\" style=\"text-align: center;\"><a href=\"https:\/\/www.semainedelecriture.fr\/presse\/2016-01-14@LYonne_Republicaine.pdf\" target=\"_blank\" rel=\"noopener noreferrer\"><img decoding=\"async\" src=\"https:\/\/www.semainedelecriture.fr\/images\/lyonne-republicaine.jpg\" alt=\"L'Yonne Republicaine\" width=\"180\" name=\"L'Yonne Republicaine\" \/><\/a><br \/>\n( 14 jan 2016 )<\/div>\n<h3 style=\"text-align: center;\">2015<\/h3>\n<p style=\"text-align: center;\"><a href=\"https:\/\/www.semainedelecriture.fr\/presse\/2015-12-15%7E1950@OUEST_FRANCE.pdf\" target=\"_blank\" rel=\"noopener noreferrer\"><img decoding=\"async\" src=\"https:\/\/www.semainedelecriture.fr\/images\/LOGO-OUEST-FRANCE.jpg\" alt=\"OUEST FRANCE\" width=\"180\" name=\"OUEST FRANCE\" \/><\/a><br \/>\n( 15 dec 2015 )<\/p>\n<p style=\"text-align: center;\"><a href=\"https:\/\/www.semainedelecriture.fr\/presse\/2015-12-03%7E1357@PNP_PROFESSION_NOUVEAU_PAPETIE.pdf\" target=\"_blank\" rel=\"noopener noreferrer\"><img decoding=\"async\" src=\"https:\/\/www.semainedelecriture.fr\/images\/logo-pnp-magazine.jpg\" alt=\"PNP MAGAZINE\" width=\"180\" name=\"PNP MAGAZINE\" \/><\/a><br \/>\n( 3 dec 2015 )<\/p>\n<p style=\"text-align: center;\"><a href=\"https:\/\/www.semainedelecriture.fr\/presse\/Le-Papetier-de-France-01_12_2015.pdf\" target=\"_blank\" rel=\"noopener noreferrer\"><img decoding=\"async\" src=\"https:\/\/www.semainedelecriture.fr\/images\/logo_papetier.jpg\" alt=\"Le Papetier\" width=\"180\" name=\"Le Papetier\" \/><\/a><br \/>\n( 1er dec 2015 )<\/p>\n<p style=\"text-align: center;\"><a href=\"https:\/\/www.semainedelecriture.fr\/presse\/2015-11-30%7E1421@LA_LETTRE_PNP.pdf\" target=\"_blank\" rel=\"noopener noreferrer\"><img decoding=\"async\" src=\"https:\/\/www.semainedelecriture.fr\/images\/logo-pnp-magazine.jpg\" alt=\"PNP MAGAZINE\" width=\"180\" name=\"PNP MAGAZINE\" \/><\/a><br \/>\n( 30 nov 2015 )<\/p>\n<p style=\"text-align: center;\"><a href=\"https:\/\/www.semainedelecriture.fr\/presse\/2015-11-13%7E1361@DERNIERES_NOUVELLES_D_ALSACE.pdf\" target=\"_blank\" rel=\"noopener noreferrer\"><img decoding=\"async\" src=\"https:\/\/www.semainedelecriture.fr\/images\/logo_DNA.jpg\" alt=\"DERNIERES NOUVELLES D ALSACE\" width=\"180\" name=\"DERNIERES NOUVELLES D ALSACE\" \/><\/a><br \/>\n( 13 nov 2015 )<\/p>\n<p style=\"text-align: center;\"><a href=\"https:\/\/www.semainedelecriture.fr\/presse\/PNP-13-NOVEMBRE-2015.pdf\" target=\"_blank\" rel=\"noopener noreferrer\"><img decoding=\"async\" src=\"https:\/\/www.semainedelecriture.fr\/images\/logo-pnp-magazine.jpg\" alt=\"PNP MAGAZINE\" width=\"180\" name=\"PNP MAGAZINE\" \/><\/a><br \/>\n( 13 nov 2015 )<\/p>\n<p style=\"text-align: center;\"><a href=\"https:\/\/www.semainedelecriture.fr\/presse\/2015-10-22%7E1972@LA_MANCHE_LIBRE.pdf\" target=\"_blank\" rel=\"noopener noreferrer\"><img decoding=\"async\" src=\"https:\/\/www.semainedelecriture.fr\/images\/logo_la_manchelibre.jpg\" alt=\"LA MANCHE LIBRE\" width=\"180\" name=\"LA MANCHE LIBRE\" \/><\/a><br \/>\n( 22 oct 2015 )<\/p>\n<p style=\"text-align: center;\"><a href=\"https:\/\/www.semainedelecriture.fr\/presse\/2015-10-22%7E1866@OUEST_FRANCE.pdf\" target=\"_blank\" rel=\"noopener noreferrer\"><img decoding=\"async\" src=\"https:\/\/www.semainedelecriture.fr\/images\/LOGO-OUEST-FRANCE.jpg\" alt=\"OUEST FRANCE\" width=\"180\" name=\"OUEST FRANCE\" \/><\/a><br \/>\n( 22 oct 2015 )<\/p>\n<p style=\"text-align: center;\"><a href=\"https:\/\/www.semainedelecriture.fr\/presse\/2015-10-20%7E1992@LE_REPUBLICAIN_LORRAIN.pdf\" target=\"_blank\" rel=\"noopener noreferrer\"><img decoding=\"async\" src=\"https:\/\/www.semainedelecriture.fr\/images\/Logo_Republicain-lorrain-200.jpg\" alt=\"REPUBLICAIN LORRAIN\" width=\"180\" name=\"REPUBLICAIN LORRAIN\" \/><\/a><br \/>\n( 20 oct 2015 )<br \/>\n<a href=\"https:\/\/www.republicain-lorrain.fr\/edition-de-forbach\/2015\/10\/20\/lycee-curie-cartes-postales-sur-fond-d-emotions-touchantes\" target=\"_blank\" rel=\"noopener noreferrer\">L&rsquo;article en ligne<\/a><\/p>\n<p style=\"text-align: center;\"><a href=\"https:\/\/www.semainedelecriture.fr\/presse\/2015-10-14%7E1547@SUD_OUEST.pdf\" target=\"_blank\" rel=\"noopener noreferrer\"><img decoding=\"async\" src=\"https:\/\/www.semainedelecriture.fr\/images\/sud-ouest.jpg\" alt=\"Sud Ouest\" name=\"Sud Ouest\" \/><\/a><br \/>\n( 14 oct 2015 )<\/p>\n<p style=\"text-align: center;\"><a href=\"https:\/\/www.semainedelecriture.fr\/presse\/2015-10-10%7E1468@LE_DAUPHINE_LIBERE.pdf\" target=\"_blank\" rel=\"noopener noreferrer\"><img decoding=\"async\" src=\"https:\/\/www.semainedelecriture.fr\/images\/logo-dauphine-libere.jpg\" alt=\"Dauphine libre\" width=\"180\" name=\"Dauphine libre\" \/><\/a><br \/>\n( 09 oct 2015 )<\/p>\n<p style=\"text-align: center;\"><a href=\"https:\/\/www.semainedelecriture.fr\/presse\/2015-10-09%7E1910@ECHO_D_ILE_DE_FRANCE.pdf\" target=\"_blank\" rel=\"noopener noreferrer\"><img decoding=\"async\" src=\"https:\/\/www.semainedelecriture.fr\/images\/echo_d-ile-de-france-logo.png\" alt=\"Echo ile de France\" width=\"180\" name=\"Echo ile de France\" \/><\/a><br \/>\n( 09 oct 2015 )<\/p>\n<p style=\"text-align: center;\"><a href=\"https:\/\/www.semainedelecriture.fr\/presse\/2015-10-06%7E1103@OUEST_FRANCE.pdf\" target=\"_blank\" rel=\"noopener noreferrer\"><img decoding=\"async\" src=\"https:\/\/www.semainedelecriture.fr\/images\/LOGO-OUEST-FRANCE.jpg\" alt=\"Ouest France\" width=\"180\" name=\"Ouest France\" \/><\/a><br \/>\n( 06 oct 2015 )<\/p>\n<p style=\"text-align: center;\"><a href=\"https:\/\/www.semainedelecriture.fr\/presse\/2015-10-07%7E1024@LE_PERCHE.pdf\" target=\"_blank\" rel=\"noopener noreferrer\"><img decoding=\"async\" src=\"https:\/\/www.semainedelecriture.fr\/images\/le-perche.jpg\" alt=\"Le Perche\" width=\"180\" name=\"Le Perche\" \/><\/a><br \/>\n( 04 oct 2015 )<\/p>\n<p style=\"text-align: center;\"><a href=\"https:\/\/www.semainedelecriture.fr\/presse\/2015-10-05%7E5760@WWW_LEPARISIEN_FR.pdf\" target=\"_blank\" rel=\"noopener noreferrer\"><img decoding=\"async\" src=\"https:\/\/www.semainedelecriture.fr\/images\/Le-Parisien-logo.jpg\" alt=\"Le Parisien\" width=\"180\" name=\"Le Parisien\" \/><\/a><br \/>\n( 04 oct 2015 )<\/p>\n<p style=\"text-align: center;\"><a href=\"https:\/\/www.semainedelecriture.fr\/presse\/2015-10-05%7E1855@LE_PARISIEN_ESSONNE_MATIN.pdf\" target=\"_blank\" rel=\"noopener noreferrer\"><img decoding=\"async\" src=\"https:\/\/www.semainedelecriture.fr\/images\/parisien-matin.png\" alt=\"Le Parisien\" name=\"Le Parisien\" \/><\/a><br \/>\n( 05 oct 2015 )<\/p>\n<p style=\"text-align: center;\"><a href=\"https:\/\/www.semainedelecriture.fr\/presse\/2015-10-04%7E1458@LE_PROGRES.pdf\" target=\"_blank\" rel=\"noopener noreferrer\"><img decoding=\"async\" src=\"https:\/\/www.semainedelecriture.fr\/images\/le-progres.jpg\" alt=\"Le Progr\u00e8s\" width=\"180\" name=\"Le Progr\u00e8s\" \/><\/a><br \/>\n( 04 oct 2015 )<\/p>\n<p style=\"text-align: center;\"><a href=\"https:\/\/www.semainedelecriture.fr\/presse\/2015-10-03%7E1644@SUD_OUEST.pdf\" target=\"_blank\" rel=\"noopener noreferrer\"><img decoding=\"async\" src=\"https:\/\/www.semainedelecriture.fr\/images\/sud-ouest.jpg\" alt=\"Sud Ouest\" name=\"Sud Ouest\" \/><\/a><br \/>\n( 03 oct 2015 )<\/p>\n<p style=\"text-align: center;\"><a href=\"https:\/\/www.semainedelecriture.fr\/presse\/2015-10-02%7E1650@LE_PERCHE.pdf\" target=\"_blank\" rel=\"noopener noreferrer\"><img decoding=\"async\" src=\"https:\/\/www.semainedelecriture.fr\/images\/le-perche.jpg\" alt=\"Le Perche\" width=\"180\" name=\"Le Perche\" \/><\/a><br \/>\n( 02 oct 2015 )<\/p>\n<p style=\"text-align: center;\">LE STYLOGRAPHE ( HIVER 14\/PRINTEMPS 15 )<\/p>\n<p style=\"text-align: center;\"><a href=\"https:\/\/www.semainedelecriture.fr\/presse\/2015-04-29%7E1828@LE_STYLOGRAPHE.pdf\" target=\"_blank\" rel=\"noopener noreferrer\"><img decoding=\"async\" src=\"https:\/\/www.semainedelecriture.fr\/images\/stylographe-15.jpg\" name=\"stylographe\" \/><\/a><br \/>\nPNP PROFESSION NOUVEAU PAPETIER ( FEV 15 )<\/p>\n<p style=\"text-align: center;\"><a href=\"https:\/\/www.semainedelecriture.fr\/presse\/2015-01-28%7E1660@PNP_PROFESSION_NOUVEAU_PAPETIE.pdf\" target=\"_blank\" rel=\"noopener noreferrer\"><img loading=\"lazy\" decoding=\"async\" src=\"https:\/\/www.semainedelecriture.fr\/images\/logo-pdf.png\" width=\"30\" height=\"30\" name=\"logo pdf\" \/><\/a><\/p>\n<h3 style=\"text-align: center;\">2014<\/h3>\n<p style=\"text-align: center;\">DERNIERES NOUVELLES D&rsquo;ALSACE ( 24 DEC 14 )<\/p>\n<p style=\"text-align: center;\"><a href=\"https:\/\/www.semainedelecriture.fr\/presse\/2014-12-24%7E1412@DERNIERES_NOUVELLES_D_ALSACE.pdf\" target=\"_blank\" rel=\"noopener noreferrer\"><img loading=\"lazy\" decoding=\"async\" src=\"https:\/\/www.semainedelecriture.fr\/images\/logo-pdf.png\" width=\"30\" height=\"30\" name=\"logo pdf\" \/><\/a><\/p>\n<p style=\"text-align: center;\">L&rsquo;INDEPENDANT ( 19 DEC 14 )<\/p>\n<p style=\"text-align: center;\"><a href=\"https:\/\/www.semainedelecriture.fr\/presse\/2014-12-20%7E1022@L_INDEPENDANT.pdf\" target=\"_blank\" rel=\"noopener noreferrer\"><img loading=\"lazy\" decoding=\"async\" src=\"https:\/\/www.semainedelecriture.fr\/images\/logo-pdf.png\" width=\"30\" height=\"30\" name=\"logo pdf\" \/><\/a><\/p>\n<p style=\"text-align: center;\">MIDI LIBRE ( 19 DEC 14 )<\/p>\n<p style=\"text-align: center;\"><a href=\"https:\/\/www.semainedelecriture.fr\/presse\/2014-12-19%7E1990@MIDI_LIBRE.pdf\" target=\"_blank\" rel=\"noopener noreferrer\"><img loading=\"lazy\" decoding=\"async\" src=\"https:\/\/www.semainedelecriture.fr\/images\/logo-pdf.png\" width=\"30\" height=\"30\" name=\"logo pdf\" \/><\/a><\/p>\n<p style=\"text-align: center;\">LE QUOTIDIEN DE LA REUNION ET DE L&rsquo;OCEAN INDIEN ( 17 DEC 14 )<\/p>\n<p style=\"text-align: center;\"><a href=\"https:\/\/www.semainedelecriture.fr\/presse\/2014-12-17%7E1327@LE_QUOTIDIEN_DE_LA_REUNION_ET_.pdf\" target=\"_blank\" rel=\"noopener noreferrer\"><img loading=\"lazy\" decoding=\"async\" src=\"https:\/\/www.semainedelecriture.fr\/images\/logo-pdf.png\" width=\"30\" height=\"30\" name=\"logo pdf\" \/><\/a><\/p>\n<p style=\"text-align: center;\">MIDI LIBRE ( 16 DEC 14 )<\/p>\n<p style=\"text-align: center;\"><a href=\"https:\/\/www.semainedelecriture.fr\/presse\/2014-12-16%7E1882@MIDI_LIBRE.pdf\" target=\"_blank\" rel=\"noopener noreferrer\"><img loading=\"lazy\" decoding=\"async\" src=\"https:\/\/www.semainedelecriture.fr\/images\/logo-pdf.png\" width=\"30\" height=\"30\" name=\"logo pdf\" \/><\/a><\/p>\n<p style=\"text-align: center;\">www.bacplusdeux.com ( 10 DEC 2014 )<\/p>\n<p style=\"text-align: center;\"><a href=\"https:\/\/www.semainedelecriture.fr\/presse\/2014-12-10%7E5924@WWW_BACPLUSDEUX_COM.pdf\" target=\"_blank\" rel=\"noopener noreferrer\"><img loading=\"lazy\" decoding=\"async\" src=\"https:\/\/www.semainedelecriture.fr\/images\/logo-pdf.png\" width=\"30\" height=\"30\" name=\"logo pdf\" \/><\/a><\/p>\n<p style=\"text-align: center;\">www.ouillade.eu ( 10 DEC 2014 )<\/p>\n<p style=\"text-align: center;\"><a href=\"https:\/\/www.semainedelecriture.fr\/presse\/2014-12-10%7E5194@WWW_OUILLADE_EU.pdf\" target=\"_blank\" rel=\"noopener noreferrer\"><img loading=\"lazy\" decoding=\"async\" src=\"https:\/\/www.semainedelecriture.fr\/images\/logo-pdf.png\" width=\"30\" height=\"30\" name=\"logo pdf\" \/><\/a><\/p>\n<p style=\"text-align: center;\">www.capcampus.com ( 9 DEC 2014 )<\/p>\n<p style=\"text-align: center;\"><a href=\"https:\/\/www.semainedelecriture.fr\/presse\/2014-12-09%7E5022@WWW_CAPCAMPUS_COM.pdf\" target=\"_blank\" rel=\"noopener noreferrer\"><img loading=\"lazy\" decoding=\"async\" src=\"https:\/\/www.semainedelecriture.fr\/images\/logo-pdf.png\" width=\"30\" height=\"30\" name=\"logo pdf\" \/><\/a><\/p>\n<p style=\"text-align: center;\">SUD OUEST ( 16 OCT 14 )<\/p>\n<p style=\"text-align: center;\"><a href=\"https:\/\/www.sudouest.fr\/2014\/10\/16\/les-cartes-postales-ecrivent-l-emotion-1705894-3307.php\" target=\"_blank\" rel=\"noopener noreferrer\">www.sudouest.fr<\/a><\/p>\n<p style=\"text-align: center;\">FREQUENCE GRANDS LACS ( 13 OCT 14 )<\/p>\n<p style=\"text-align: center;\"><a href=\"https:\/\/www.frequencegrandslacs.fr\/on-en-parle-760-du-13-10-14-Semaine-de-l-ecriture--les-eleves-de-5e-du-College-Nelson-Mandela-de-Biscarrosse-se-sont-pretes-au-jeu-.html\" target=\"_blank\" rel=\"noopener noreferrer\">www.frequencegrandslacs.fr<\/a><\/p>\n<p style=\"text-align: center;\">LA MANCHE LIBRE ( 25 OCT 14 )<\/p>\n<p style=\"text-align: center;\"><a href=\"https:\/\/www.semainedelecriture.fr\/presse\/2014-10-24%7E1088@LA_MANCHE_LIBRE.pdf\" target=\"_blank\" rel=\"noopener noreferrer\"><img loading=\"lazy\" decoding=\"async\" src=\"https:\/\/www.semainedelecriture.fr\/images\/logo-pdf.png\" width=\"30\" height=\"30\" name=\"logo pdf\" \/><\/a><\/p>\n<p style=\"text-align: center;\">LE COURRIER DE LA MAYENNE ( 23\/29 OCT 14 )<\/p>\n<p style=\"text-align: center;\"><a href=\"https:\/\/www.semainedelecriture.fr\/presse\/2014-10-23%7E1821@LE_COURRIER_DE_LA_MAYENNE.pdf\" target=\"_blank\" rel=\"noopener noreferrer\"><img loading=\"lazy\" decoding=\"async\" src=\"https:\/\/www.semainedelecriture.fr\/images\/logo-pdf.png\" width=\"30\" height=\"30\" name=\"logo pdf\" \/><\/a><\/p>\n<p style=\"text-align: center;\">OUEST FRANCE ( 22 OCT 14 )<\/p>\n<p style=\"text-align: center;\"><a href=\"https:\/\/www.semainedelecriture.fr\/presse\/2014-10-23%7E1877@OUEST_FRANCE.pdf\" target=\"_blank\" rel=\"noopener noreferrer\"><img loading=\"lazy\" decoding=\"async\" src=\"https:\/\/www.semainedelecriture.fr\/images\/logo-pdf.png\" width=\"30\" height=\"30\" name=\"logo pdf\" \/><\/a><\/p>\n<p style=\"text-align: center;\">GAZETTE DE LA MANCHE,D&rsquo;ILLE ET VILAINE ET MAYENNE ( 22 OCT 14 )<\/p>\n<p style=\"text-align: center;\"><a href=\"https:\/\/www.semainedelecriture.fr\/presse\/2014-10-22%7E1970@GAZETTE_DE_LA_MANCHED_ILLE_ET.pdf\" target=\"_blank\" rel=\"noopener noreferrer\"><img loading=\"lazy\" decoding=\"async\" src=\"https:\/\/www.semainedelecriture.fr\/images\/logo-pdf.png\" width=\"30\" height=\"30\" name=\"logo pdf\" \/><\/a><\/p>\n<p style=\"text-align: center;\">www.sudouest.fr ( 17 octobre 2014 )<\/p>\n<p style=\"text-align: center;\"><a href=\"https:\/\/www.semainedelecriture.fr\/presse\/2014-10-17%7E5770@WWW_SUDOUEST_FR.pdf\" target=\"_blank\" rel=\"noopener noreferrer\"><img loading=\"lazy\" decoding=\"async\" src=\"https:\/\/www.semainedelecriture.fr\/images\/logo-pdf.png\" width=\"30\" height=\"30\" name=\"logo pdf\" \/><\/a><\/p>\n<p style=\"text-align: center;\">PNP PROFESSION NOUVEAU PAPETIER ( OCT 14 )<\/p>\n<p style=\"text-align: center;\"><a href=\"https:\/\/www.semainedelecriture.fr\/presse\/2014-10-16%7E1859@PNP_PROFESSION_NOUVEAU_PAPETIE.pdf\" target=\"_blank\" rel=\"noopener noreferrer\"><img loading=\"lazy\" decoding=\"async\" src=\"https:\/\/www.semainedelecriture.fr\/images\/logo-pdf.png\" width=\"30\" height=\"30\" name=\"logo pdf\" \/><\/a><\/p>\n<p style=\"text-align: center;\">SUD OUEST ( 16 OCT 14 )<\/p>\n<p style=\"text-align: center;\"><a href=\"https:\/\/www.semainedelecriture.fr\/presse\/2014-10-16%7E1876@SUD_OUEST.pdf\" target=\"_blank\" rel=\"noopener noreferrer\"><img loading=\"lazy\" decoding=\"async\" src=\"https:\/\/www.semainedelecriture.fr\/images\/logo-pdf.png\" width=\"30\" height=\"30\" name=\"logo pdf\" \/><\/a><\/p>\n<p style=\"text-align: center;\">OUEST FRANCE ( 16 OCT 14 )<\/p>\n<p style=\"text-align: center;\"><a href=\"https:\/\/www.semainedelecriture.fr\/presse\/2014-10-16%7E1160@OUEST_FRANCE.pdf\" target=\"_blank\" rel=\"noopener noreferrer\"><img loading=\"lazy\" decoding=\"async\" src=\"https:\/\/www.semainedelecriture.fr\/images\/logo-pdf.png\" width=\"30\" height=\"30\" name=\"logo pdf\" \/><\/a><\/p>\n<p style=\"text-align: center;\">LE PUBLICATEUR LIBRE ( 16 OCT 14 )<\/p>\n<p style=\"text-align: center;\"><a href=\"https:\/\/www.semainedelecriture.fr\/presse\/2014-10-16%7E1680@LE_PUBLICATEUR_LIBRE.pdf\" target=\"_blank\" rel=\"noopener noreferrer\"><img loading=\"lazy\" decoding=\"async\" src=\"https:\/\/www.semainedelecriture.fr\/images\/logo-pdf.png\" width=\"30\" height=\"30\" name=\"logo pdf\" \/><\/a><\/p>\n<p style=\"text-align: center;\">OUEST FRANCE ( 14 OCT 14 )<\/p>\n<p style=\"text-align: center;\"><a href=\"https:\/\/www.semainedelecriture.fr\/presse\/2014-10-14%7E1554@OUEST_FRANCE.pdf\" target=\"_blank\" rel=\"noopener noreferrer\"><img loading=\"lazy\" decoding=\"async\" src=\"https:\/\/www.semainedelecriture.fr\/images\/logo-pdf.png\" width=\"30\" height=\"30\" name=\"logo pdf\" \/><\/a><\/p>\n<p style=\"text-align: center;\">LE PARISIEN ( 11 OCT 14 )<\/p>\n<p style=\"text-align: center;\"><a href=\"https:\/\/www.semainedelecriture.fr\/presse\/2014-10-11%7E1644@LE_PARISIEN.pdf\" target=\"_blank\" rel=\"noopener noreferrer\"><img loading=\"lazy\" decoding=\"async\" src=\"https:\/\/www.semainedelecriture.fr\/images\/logo-pdf.png\" width=\"30\" height=\"30\" name=\"logo pdf\" \/><\/a><\/p>\n<p style=\"text-align: center;\">LE PROGRES L&rsquo;HEBDO DU FINISTERE ( 03 OCT 14 )<\/p>\n<p style=\"text-align: center;\"><a href=\"https:\/\/www.semainedelecriture.fr\/presse\/2014-10-08%7E1258@LE_PROGRES_L_HEBDO_DU_FINISTER.pdf\" target=\"_blank\" rel=\"noopener noreferrer\"><img loading=\"lazy\" decoding=\"async\" src=\"https:\/\/www.semainedelecriture.fr\/images\/logo-pdf.png\" width=\"30\" height=\"30\" name=\"logo pdf\" \/><\/a><\/p>\n<p style=\"text-align: center;\">DIRECT MATIN LYON PLUS ( 06 OCT 14 )<\/p>\n<p style=\"text-align: center;\"><a href=\"https:\/\/www.semainedelecriture.fr\/presse\/2014-10-06%7E1055@DIRECT_MATIN_LYON_PLUS.pdf\" target=\"_blank\" rel=\"noopener noreferrer\"><img loading=\"lazy\" decoding=\"async\" src=\"https:\/\/www.semainedelecriture.fr\/images\/logo-pdf.png\" width=\"30\" height=\"30\" name=\"logo pdf\" \/><\/a><\/p>\n<p style=\"text-align: center;\">Le Perche.fr ( 06 OCT 14 )<\/p>\n<p style=\"text-align: center;\"><a href=\"https:\/\/www.semainedelecriture.fr\/presse\/2014-10-06%7E5300@WWW_LEPERCHE_FR.pdf\" target=\"_blank\" rel=\"noopener noreferrer\"><img loading=\"lazy\" decoding=\"async\" src=\"https:\/\/www.semainedelecriture.fr\/images\/logo-pdf.png\" width=\"30\" height=\"30\" name=\"logo pdf\" \/><\/a><\/p>\n<p style=\"text-align: center;\">HEBDO DES SAVOIE ( 30 SEPT 14 )<\/p>\n<p style=\"text-align: center;\"><a href=\"https:\/\/www.semainedelecriture.fr\/presse\/2014-09-29%7E1963@HEBDO_DES_SAVOIE.pdf\" target=\"_blank\" rel=\"noopener noreferrer\"><img loading=\"lazy\" decoding=\"async\" src=\"https:\/\/www.semainedelecriture.fr\/images\/logo-pdf.png\" width=\"30\" height=\"30\" name=\"logo pdf\" \/><\/a><\/p>\n<p style=\"text-align: center;\">LE STYLOGRAPHE ( PRINTEMPS \/ ETE 14 )<\/p>\n<p style=\"text-align: center;\"><a href=\"https:\/\/www.semainedelecriture.fr\/presse\/2014-06-17%7E1899@LE_STYLOGRAPHE.pdf\" target=\"_blank\" rel=\"noopener noreferrer\"><img loading=\"lazy\" decoding=\"async\" src=\"https:\/\/www.semainedelecriture.fr\/images\/logo-pdf.png\" width=\"30\" height=\"30\" name=\"logo pdf\" \/><\/a><\/p>\n<p style=\"text-align: center;\">CENTRE PRESSE AVEYRON ( 29 JAN 14 )<\/p>\n<p style=\"text-align: center;\"><a href=\"https:\/\/www.semainedelecriture.fr\/presse\/2014-01-29%7E1945@CENTRE_PRESSE_AVEYRON.pdf\" target=\"_blank\" rel=\"noopener noreferrer\"><img loading=\"lazy\" decoding=\"async\" src=\"https:\/\/www.semainedelecriture.fr\/images\/logo-pdf.png\" width=\"30\" height=\"30\" name=\"logo pdf\" \/><\/a><\/p>\n<p style=\"text-align: center;\">MIDI LIBRE ( 28 JAN 14 )<\/p>\n<p style=\"text-align: center;\"><a href=\"https:\/\/www.semainedelecriture.fr\/presse\/2014-01-28%7E1042@MIDI_LIBRE.pdf\" target=\"_blank\" rel=\"noopener noreferrer\"><img loading=\"lazy\" decoding=\"async\" src=\"https:\/\/www.semainedelecriture.fr\/images\/logo-pdf.png\" width=\"30\" height=\"30\" name=\"logo pdf\" \/><\/a><\/p>\n<p style=\"text-align: center;\">LA REPUBLIQUE DU CENTRE ( 23 JAN 14 )<\/p>\n<p style=\"text-align: center;\"><a href=\"https:\/\/www.semainedelecriture.fr\/presse\/2014-01-23%7E1919@LA_REPUBLIQUE_DU_CENTRE.pdf\" target=\"_blank\" rel=\"noopener noreferrer\"><img loading=\"lazy\" decoding=\"async\" src=\"https:\/\/www.semainedelecriture.fr\/images\/logo-pdf.png\" width=\"30\" height=\"30\" name=\"logo pdf\" \/><\/a><\/p>\n<h3 style=\"text-align: center;\">2013<\/h3>\n<p style=\"text-align: center;\">PNP PROFESSION NOUVEAU PAPETIER ( DEC 13 )<\/p>\n<p style=\"text-align: center;\"><a href=\"https:\/\/www.semainedelecriture.fr\/presse\/2013-12-25%7E1725@PNP_PROFESSION_NOUVEAU_PAPETIE.pdf\" target=\"_blank\" rel=\"noopener noreferrer\"><img loading=\"lazy\" decoding=\"async\" src=\"https:\/\/www.semainedelecriture.fr\/images\/logo-pdf.png\" width=\"30\" height=\"30\" name=\"logo pdf\" \/><\/a><\/p>\n<p style=\"text-align: center;\">LETTRE LA FAMILLE ET L&rsquo;ECOLE ( 13 NOV 13 )<\/p>\n<p style=\"text-align: center;\"><a href=\"https:\/\/www.semainedelecriture.fr\/presse\/2013-11-25%7E1791@LETTRE_LA_FAMILLE_ET_L_ECOLE.pdf\" target=\"_blank\" rel=\"noopener noreferrer\"><img loading=\"lazy\" decoding=\"async\" src=\"https:\/\/www.semainedelecriture.fr\/images\/logo-pdf.png\" width=\"30\" height=\"30\" name=\"logo pdf\" \/><\/a><\/p>\n<p style=\"text-align: center;\">L&rsquo;ECHO D&rsquo;ANCENIS ET DU VIGNOBLE ( 24 OCT 13 )<\/p>\n<p style=\"text-align: center;\"><a href=\"https:\/\/www.semainedelecriture.fr\/presse\/2013-10-29%7E1174@L_ECHO_D_ANCENIS_ET_DU_VIGNOBL.pdf\" target=\"_blank\" rel=\"noopener noreferrer\"><img loading=\"lazy\" decoding=\"async\" src=\"https:\/\/www.semainedelecriture.fr\/images\/logo-pdf.png\" width=\"30\" height=\"30\" name=\"logo pdf\" \/><\/a><\/p>\n<p style=\"text-align: center;\">OUEST FRANCE ( 28 OCT 13 )<\/p>\n<p style=\"text-align: center;\"><a href=\"https:\/\/www.semainedelecriture.fr\/presse\/2013-10-28%7E1146@OUEST_FRANCE.pdf\" target=\"_blank\" rel=\"noopener noreferrer\"><img loading=\"lazy\" decoding=\"async\" src=\"https:\/\/www.semainedelecriture.fr\/images\/logo-pdf.png\" width=\"30\" height=\"30\" name=\"logo pdf\" \/><\/a><\/p>\n<p style=\"text-align: center;\">LE TELEGRAMME ( 27 OCT 13 )<\/p>\n<p style=\"text-align: center;\"><a href=\"https:\/\/www.semainedelecriture.fr\/presse\/2013-10-28%7E1801@LE_TELEGRAMME.pdf\" target=\"_blank\" rel=\"noopener noreferrer\"><img loading=\"lazy\" decoding=\"async\" src=\"https:\/\/www.semainedelecriture.fr\/images\/logo-pdf.png\" width=\"30\" height=\"30\" name=\"logo pdf\" \/><\/a><\/p>\n<p style=\"text-align: center;\">FRANCE 3 QUERCY-ROUERGUE ( 10 OCT 13 )<\/p>\n<p style=\"text-align: center;\"><a href=\"https:\/\/www.dailymotion.com\/video\/x16f6im_reportage-france-3-quercy-rouergue-la-semaine-de-l-ecriture-2103_news\" target=\"_blank\" rel=\"noopener noreferrer\">VIDEO<\/a><\/p>\n<p style=\"text-align: center;\">LA PRESSE GRAY ( 17\/23 OCT 13 )<\/p>\n<p style=\"text-align: center;\"><a href=\"https:\/\/www.semainedelecriture.fr\/presse\/2013-10-23%7E1122@LA_PRESSE_GRAY.pdf\" target=\"_blank\" rel=\"noopener noreferrer\"><img loading=\"lazy\" decoding=\"async\" src=\"https:\/\/www.semainedelecriture.fr\/images\/logo-pdf.png\" width=\"30\" height=\"30\" name=\"logo pdf\" \/><\/a><\/p>\n<p style=\"text-align: center;\">LE BONHOMME PICARD ( 16 OCT 13 )<\/p>\n<p style=\"text-align: center;\"><a href=\"https:\/\/www.semainedelecriture.fr\/presse\/2013-10-21%7E1092@LE_BONHOMME_PICARD.pdf\" target=\"_blank\" rel=\"noopener noreferrer\"><img loading=\"lazy\" decoding=\"async\" src=\"https:\/\/www.semainedelecriture.fr\/images\/logo-pdf.png\" width=\"30\" height=\"30\" name=\"logo pdf\" \/><\/a><\/p>\n<p style=\"text-align: center;\">LE TELEGRAMME ( 21 OCT 13 )<\/p>\n<p style=\"text-align: center;\"><a href=\"https:\/\/www.semainedelecriture.fr\/presse\/2013-10-21%7E1858@LE_TELEGRAMME.pdf\" target=\"_blank\" rel=\"noopener noreferrer\"><img loading=\"lazy\" decoding=\"async\" src=\"https:\/\/www.semainedelecriture.fr\/images\/logo-pdf.png\" width=\"30\" height=\"30\" name=\"logo pdf\" \/><\/a><\/p>\n<p style=\"text-align: center;\">AUJOURD&rsquo;HUI EN FRANCE ( 13 OCT 13 )<\/p>\n<p style=\"text-align: center;\"><a href=\"https:\/\/www.semainedelecriture.fr\/presse\/2013-10-16%7E1065@AUJOURD_HUI_EN_FRANCE.pdf\" target=\"_blank\" rel=\"noopener noreferrer\"><img loading=\"lazy\" decoding=\"async\" src=\"https:\/\/www.semainedelecriture.fr\/images\/logo-pdf.png\" width=\"30\" height=\"30\" name=\"logo pdf\" \/><\/a><\/p>\n<p style=\"text-align: center;\">ESSOR BIGOURDAN ( 03 OCT 13 )<\/p>\n<p style=\"text-align: center;\"><a href=\"https:\/\/www.semainedelecriture.fr\/presse\/2013-10-16%7E1987@ESSOR_BIGOURDAN.pdf\" target=\"_blank\" rel=\"noopener noreferrer\"><img loading=\"lazy\" decoding=\"async\" src=\"https:\/\/www.semainedelecriture.fr\/images\/logo-pdf.png\" width=\"30\" height=\"30\" name=\"logo pdf\" \/><\/a><\/p>\n<p style=\"text-align: center;\">LE JOURNAL D&rsquo;ICI ( 10\/16 OCT 13 )<\/p>\n<p style=\"text-align: center;\"><a href=\"https:\/\/www.semainedelecriture.fr\/presse\/2013-10-15%7E1840@LE_JOURNAL_D_ICI.pdf\" target=\"_blank\" rel=\"noopener noreferrer\"><img loading=\"lazy\" decoding=\"async\" src=\"https:\/\/www.semainedelecriture.fr\/images\/logo-pdf.png\" width=\"30\" height=\"30\" name=\"logo pdf\" \/><\/a><\/p>\n<p style=\"text-align: center;\">LE JOURNAL DE GIEN ( 03 OCT 13 )<\/p>\n<p style=\"text-align: center;\"><a href=\"https:\/\/www.semainedelecriture.fr\/presse\/2013-10-15%7E1525@LE_JOURNAL_DE_GIEN.pdf\" target=\"_blank\" rel=\"noopener noreferrer\"><img loading=\"lazy\" decoding=\"async\" src=\"https:\/\/www.semainedelecriture.fr\/images\/logo-pdf.png\" width=\"30\" height=\"30\" name=\"logo pdf\" \/><\/a><\/p>\n<p style=\"text-align: center;\">L&rsquo;ECHO DE BROU ( 02 OCT 13 )<\/p>\n<p style=\"text-align: center;\"><a href=\"https:\/\/www.semainedelecriture.fr\/presse\/2013-10-15%7E1091@L_ECHO_DE_BROU.pdf\" target=\"_blank\" rel=\"noopener noreferrer\"><img loading=\"lazy\" decoding=\"async\" src=\"https:\/\/www.semainedelecriture.fr\/images\/logo-pdf.png\" width=\"30\" height=\"30\" name=\"logo pdf\" \/><\/a><\/p>\n<p style=\"text-align: center;\">PNP PROFESSION NOUVEAU PAPETIER ( AOUT\/SEPT 13 )<\/p>\n<p style=\"text-align: center;\"><a href=\"https:\/\/www.semainedelecriture.fr\/presse\/2013-10-14%7E1725@PNP_PROFESSION_NOUVEAU_PAPETIE.pdf\" target=\"_blank\" rel=\"noopener noreferrer\"><img loading=\"lazy\" decoding=\"async\" src=\"https:\/\/www.semainedelecriture.fr\/images\/logo-pdf.png\" width=\"30\" height=\"30\" name=\"logo pdf\" \/><\/a><\/p>\n<p style=\"text-align: center;\">LA REPUBLIQUE DU CENTRE ( 14 OCT 13 )<\/p>\n<p style=\"text-align: center;\"><a href=\"https:\/\/www.semainedelecriture.fr\/presse\/2013-10-14%7E1969@LA_REPUBLIQUE_DU_CENTRE.pdf\" target=\"_blank\" rel=\"noopener noreferrer\"><img loading=\"lazy\" decoding=\"async\" src=\"https:\/\/www.semainedelecriture.fr\/images\/logo-pdf.png\" width=\"30\" height=\"30\" name=\"logo pdf\" \/><\/a><\/p>\n<p style=\"text-align: center;\">LE PARISIEN ( 13 OCT 13 )<\/p>\n<p style=\"text-align: center;\"><a href=\"https:\/\/www.semainedelecriture.fr\/presse\/2013-10-14%7E1248@LE_PARISIEN.pdf\" target=\"_blank\" rel=\"noopener noreferrer\"><img loading=\"lazy\" decoding=\"async\" src=\"https:\/\/www.semainedelecriture.fr\/images\/logo-pdf.png\" width=\"30\" height=\"30\" name=\"logo pdf\" \/><\/a><\/p>\n<p style=\"text-align: center;\">LA REPUBLIQUE DU CENTRE ( 12 OCT 13 )<\/p>\n<p style=\"text-align: center;\"><a href=\"https:\/\/www.semainedelecriture.fr\/presse\/2013-10-12%7E1241@LA_REPUBLIQUE_DU_CENTRE.pdf\" target=\"_blank\" rel=\"noopener noreferrer\"><img loading=\"lazy\" decoding=\"async\" src=\"https:\/\/www.semainedelecriture.fr\/images\/logo-pdf.png\" width=\"30\" height=\"30\" name=\"logo pdf\" \/><\/a><\/p>\n<p style=\"text-align: center;\">www.sudouest.fr ( 11 OCT 13 )<\/p>\n<p style=\"text-align: center;\"><a href=\"https:\/\/www.semainedelecriture.fr\/presse\/2013-10-11%7E5680@WWW_SUDOUEST_FR.pdf\" target=\"_blank\" rel=\"noopener noreferrer\"><img loading=\"lazy\" decoding=\"async\" src=\"https:\/\/www.semainedelecriture.fr\/images\/logo-pdf.png\" width=\"30\" height=\"30\" name=\"logo pdf\" \/><\/a><\/p>\n<p style=\"text-align: center;\">SUD OUEST ( 11 OCT 13 )<\/p>\n<p style=\"text-align: center;\"><a href=\"https:\/\/www.semainedelecriture.fr\/presse\/2013-10-11%7E1395@SUD_OUEST.pdf\" target=\"_blank\" rel=\"noopener noreferrer\"><img loading=\"lazy\" decoding=\"async\" src=\"https:\/\/www.semainedelecriture.fr\/images\/logo-pdf.png\" width=\"30\" height=\"30\" name=\"logo pdf\" \/><\/a><\/p>\n<p style=\"text-align: center;\">LE PETIT JOURNAL EDITION TARN ET GARONNE ( 04 OCT 13 )<\/p>\n<p style=\"text-align: center;\"><a href=\"https:\/\/www.semainedelecriture.fr\/presse\/2013-10-10%7E1795@LE_PETIT_JOURNAL_EDITION_TARN_.pdf\" target=\"_blank\" rel=\"noopener noreferrer\"><img loading=\"lazy\" decoding=\"async\" src=\"https:\/\/www.semainedelecriture.fr\/images\/logo-pdf.png\" width=\"30\" height=\"30\" name=\"logo pdf\" \/><\/a><\/p>\n<p style=\"text-align: center;\">iT\u00e9l\u00e9 ( 11 OCT 2013 )<\/p>\n<p style=\"text-align: center;\"><a href=\"https:\/\/www.itele.fr\/france\/video\/les-ecoliers-reprennent-la-plume-58345\" target=\"_blank\" rel=\"noopener noreferrer\">VIDEO<\/a><\/p>\n<p style=\"text-align: center;\">JAIME RADIO (Lorient 101.9) ( 09 OCT 2013 )<\/p>\n<p style=\"text-align: center;\"><a href=\"https:\/\/soundcloud.com\/jaime-radio\/2013-10-09-semaine-de\" target=\"_blank\" rel=\"noopener noreferrer\">PODCAST<\/a><\/p>\n<p style=\"text-align: center;\">JT de FRANCE 3 NATIONAL (\u00e0 partir de 21mn30sec) ( 7 OCT 2013 )<\/p>\n<p style=\"text-align: center;\"><a href=\"https:\/\/pluzz.francetv.fr\/videos\/jt_1213_,89678250.html\" target=\"_blank\" rel=\"noopener noreferrer\">VIDEO<\/a><\/p>\n<p style=\"text-align: center;\">LA REPUBLIQUE DU CENTRE ( 10 OCT 13 )<\/p>\n<p style=\"text-align: center;\"><a href=\"https:\/\/www.semainedelecriture.fr\/presse\/2013-10-10%7E1643@LA_REPUBLIQUE_DU_CENTRE.pdf\" target=\"_blank\" rel=\"noopener noreferrer\"><img loading=\"lazy\" decoding=\"async\" src=\"https:\/\/www.semainedelecriture.fr\/images\/logo-pdf.png\" width=\"30\" height=\"30\" name=\"logo pdf\" \/><\/a><\/p>\n<p style=\"text-align: center;\">FRANCE 3 BASSE-NORMANDIE ( 8 OCT 2013 )<\/p>\n<p style=\"text-align: center;\"><a href=\"https:\/\/basse-normandie.france3.fr\/2013\/10\/08\/belleme-des-cartes-postales-pour-reapprendre-le-gout-d-ecrire-334465.html\" target=\"_blank\" rel=\"noopener noreferrer\">VIDEO<\/a><\/p>\n<p style=\"text-align: center;\">basse-normandie.france3.fr ( 9 OCT 2013 )<\/p>\n<p style=\"text-align: center;\"><a href=\"https:\/\/www.semainedelecriture.fr\/presse\/2013-10-09%7E5108@BASSENORMANDIE_FRANCE3_FR.pdf\" target=\"_blank\" rel=\"noopener noreferrer\"><img loading=\"lazy\" decoding=\"async\" src=\"https:\/\/www.semainedelecriture.fr\/images\/logo-pdf.png\" width=\"30\" height=\"30\" name=\"logo pdf\" \/><\/a><\/p>\n<p style=\"text-align: center;\">LA TRIBUNE DE MONTELIMAR ( 03 oct 13 )<\/p>\n<p style=\"text-align: center;\"><a href=\"https:\/\/www.semainedelecriture.fr\/presse\/2013-10-09%7E1422@LA_TRIBUNE_DE_MONTELIMAR.pdf\" target=\"_blank\" rel=\"noopener noreferrer\"><img loading=\"lazy\" decoding=\"async\" src=\"https:\/\/www.semainedelecriture.fr\/images\/logo-pdf.png\" width=\"30\" height=\"30\" name=\"logo pdf\" \/><\/a><\/p>\n<p style=\"text-align: center;\">LE PARISIEN ( 08 OCT 13 )<\/p>\n<p style=\"text-align: center;\"><a href=\"https:\/\/www.semainedelecriture.fr\/presse\/2013-10-08%7E1465@LE_PARISIEN.pdf\" target=\"_blank\" rel=\"noopener noreferrer\"><img loading=\"lazy\" decoding=\"async\" src=\"https:\/\/www.semainedelecriture.fr\/images\/logo-pdf.png\" width=\"30\" height=\"30\" name=\"logo pdf\" \/><\/a><\/p>\n<p style=\"text-align: center;\">LEPARISIEN.FR ( 08 OCT 13 )<\/p>\n<p style=\"text-align: center;\"><a href=\"https:\/\/www.semainedelecriture.fr\/presse\/2013-10-08%7E5740@WWW_LEPARISIEN_FR.pdf\" target=\"_blank\" rel=\"noopener noreferrer\"><img loading=\"lazy\" decoding=\"async\" src=\"https:\/\/www.semainedelecriture.fr\/images\/logo-pdf.png\" width=\"30\" height=\"30\" name=\"logo pdf\" \/><\/a><\/p>\n<p style=\"text-align: center;\">LA CROIX ( 08 OCT 13 )<\/p>\n<p style=\"text-align: center;\"><a href=\"https:\/\/www.semainedelecriture.fr\/presse\/2013-10-08%7E1476@LA_CROIX.pdf\" target=\"_blank\" rel=\"noopener noreferrer\"><img loading=\"lazy\" decoding=\"async\" src=\"https:\/\/www.semainedelecriture.fr\/images\/logo-pdf.png\" width=\"30\" height=\"30\" name=\"logo pdf\" \/><\/a><\/p>\n<p style=\"text-align: center;\">LA REPUBLIQUE DU CENTRE ( 07 OCT 13 )<\/p>\n<p style=\"text-align: center;\"><a href=\"https:\/\/www.semainedelecriture.fr\/presse\/2013-10-07%7E1567@LA_REPUBLIQUE_DU_CENTRE.pdf\" target=\"_blank\" rel=\"noopener noreferrer\"><img loading=\"lazy\" decoding=\"async\" src=\"https:\/\/www.semainedelecriture.fr\/images\/logo-pdf.png\" width=\"30\" height=\"30\" name=\"logo pdf\" \/><\/a><\/p>\n<p style=\"text-align: center;\">LE PARISIEN ( 07 OCT 13 )<\/p>\n<p style=\"text-align: center;\"><a href=\"https:\/\/www.semainedelecriture.fr\/presse\/2013-10-07%7E1292@LE_PARISIEN.pdf\" target=\"_blank\" rel=\"noopener noreferrer\"><img loading=\"lazy\" decoding=\"async\" src=\"https:\/\/www.semainedelecriture.fr\/images\/logo-pdf.png\" width=\"30\" height=\"30\" name=\"logo pdf\" \/><\/a><\/p>\n<p style=\"text-align: center;\">OUEST FRANCE ( 07 OCT 13 )<\/p>\n<p style=\"text-align: center;\"><a href=\"https:\/\/www.semainedelecriture.fr\/presse\/2013-10-07%7E1371@OUEST_FRANCE.pdf\" target=\"_blank\" rel=\"noopener noreferrer\"><img loading=\"lazy\" decoding=\"async\" src=\"https:\/\/www.semainedelecriture.fr\/images\/logo-pdf.png\" width=\"30\" height=\"30\" name=\"logo pdf\" \/><\/a><\/p>\n<p style=\"text-align: center;\">LES AFFICHES DE GRENOBLE ET DU DAUPHINE ( 04 OCT 13 )<\/p>\n<p style=\"text-align: center;\"><a href=\"https:\/\/www.semainedelecriture.fr\/presse\/2013-10-05%7E1220@LES_AFFICHES_DE_GRENOBLE_ET_DU.pdf\" target=\"_blank\" rel=\"noopener noreferrer\"><img loading=\"lazy\" decoding=\"async\" src=\"https:\/\/www.semainedelecriture.fr\/images\/logo-pdf.png\" width=\"30\" height=\"30\" name=\"logo pdf\" \/><\/a><\/p>\n<p style=\"text-align: center;\">L&rsquo;ECHO REPUBLICAIN ( 05 OCT 13 )<\/p>\n<p style=\"text-align: center;\"><a href=\"https:\/\/www.semainedelecriture.fr\/presse\/2013-10-05%7E1860@L_ECHO_REPUBLICAIN.pdf\" target=\"_blank\" rel=\"noopener noreferrer\"><img loading=\"lazy\" decoding=\"async\" src=\"https:\/\/www.semainedelecriture.fr\/images\/logo-pdf.png\" width=\"30\" height=\"30\" name=\"logo pdf\" \/><\/a><\/p>\n<p style=\"text-align: center;\">TARN LIBRE ( 27 SEPT 13 )<\/p>\n<p style=\"text-align: center;\"><a href=\"https:\/\/www.semainedelecriture.fr\/presse\/2013-10-04%7E1535@TARN_LIBRE.pdf\" target=\"_blank\" rel=\"noopener noreferrer\"><img loading=\"lazy\" decoding=\"async\" src=\"https:\/\/www.semainedelecriture.fr\/images\/logo-pdf.png\" width=\"30\" height=\"30\" name=\"logo pdf\" \/><\/a><\/p>\n<p style=\"text-align: center;\">LA DEPECHE DU MIDI ( 04 OCT 13 )<\/p>\n<p style=\"text-align: center;\"><a href=\"https:\/\/www.semainedelecriture.fr\/presse\/2013-10-04%7E1366@LA_DEPECHE_DU_MIDI.pdf\" target=\"_blank\" rel=\"noopener noreferrer\"><img loading=\"lazy\" decoding=\"async\" src=\"https:\/\/www.semainedelecriture.fr\/images\/logo-pdf.png\" width=\"30\" height=\"30\" name=\"logo pdf\" \/><\/a><\/p>\n<p style=\"text-align: center;\">LA NOUVELLE REPUBLIQUE DES PYRENEES ( 04 OCT 13 )<\/p>\n<p style=\"text-align: center;\"><a href=\"https:\/\/www.semainedelecriture.fr\/presse\/2013-10-04%7E1154@LA_NOUVELLE_REPUBLIQUE_DES_PYR.pdf\" target=\"_blank\" rel=\"noopener noreferrer\"><img loading=\"lazy\" decoding=\"async\" src=\"https:\/\/www.semainedelecriture.fr\/images\/logo-pdf.png\" width=\"30\" height=\"30\" name=\"logo pdf\" \/><\/a><\/p>\n<p style=\"text-align: center;\">LE PROGRES ( 04 OCT 13 )<\/p>\n<p style=\"text-align: center;\"><a href=\"https:\/\/www.semainedelecriture.fr\/presse\/LE%20PROGRES-04.10.2013.pdf\" target=\"_blank\" rel=\"noopener noreferrer\"><img loading=\"lazy\" decoding=\"async\" src=\"https:\/\/www.semainedelecriture.fr\/images\/logo-pdf.png\" width=\"30\" height=\"30\" name=\"logo pdf\" \/><\/a><\/p>\n<p style=\"text-align: center;\">LE COURRIER LIBERTE ( 20 SEPT 13 )<\/p>\n<p style=\"text-align: center;\"><a href=\"https:\/\/www.semainedelecriture.fr\/presse\/2013-10-01%7E1108@LE_COURRIER_LIBERTE.pdf\" target=\"_blank\" rel=\"noopener noreferrer\"><img loading=\"lazy\" decoding=\"async\" src=\"https:\/\/www.semainedelecriture.fr\/images\/logo-pdf.png\" width=\"30\" height=\"30\" name=\"logo pdf\" \/><\/a><\/p>\n<p style=\"text-align: center;\">DERNIERES NOUVELLES D&rsquo;ALSACE ( 01 OCT 13 )<\/p>\n<p style=\"text-align: center;\"><a href=\"https:\/\/www.semainedelecriture.fr\/presse\/2013-10-01%7E1132@DERNIERES_NOUVELLES_D_ALSACE.pdf\" target=\"_blank\" rel=\"noopener noreferrer\"><img loading=\"lazy\" decoding=\"async\" src=\"https:\/\/www.semainedelecriture.fr\/images\/logo-pdf.png\" width=\"30\" height=\"30\" name=\"logo pdf\" \/><\/a><\/p>\n<p style=\"text-align: center;\">FEMME ACTUELLE JEUX EXTRA ( SEPT\/OCT 13 )<\/p>\n<p style=\"text-align: center;\"><a href=\"https:\/\/www.semainedelecriture.fr\/presse\/2013-08-16%7E1563@FEMME_ACTUELLE_JEUX_EXTRA.pdf\" target=\"_blank\" rel=\"noopener noreferrer\"><img loading=\"lazy\" decoding=\"async\" src=\"https:\/\/www.semainedelecriture.fr\/images\/logo-pdf.png\" width=\"30\" height=\"30\" name=\"logo pdf\" \/><\/a><\/p>\n<p style=\"text-align: center;\">L&rsquo;UNION ( 18 ao\u00fbt 13 )<\/p>\n<p style=\"text-align: center;\"><a href=\"https:\/\/www.semainedelecriture.fr\/presse\/2013-08-18%7E1528@L_UNION.pdf\" target=\"_blank\" rel=\"noopener noreferrer\"><img loading=\"lazy\" decoding=\"async\" src=\"https:\/\/www.semainedelecriture.fr\/images\/logo-pdf.png\" width=\"30\" height=\"30\" name=\"logo pdf\" \/><\/a><\/p>\n<p style=\"text-align: center;\">ARDENNAIS DIMANCHE ( 18 ao\u00fbt 13 )<\/p>\n<p style=\"text-align: center;\"><a href=\"https:\/\/www.semainedelecriture.fr\/presse\/2013-08-18%7E1528@L_UNION.pdf\" target=\"_blank\" rel=\"noopener noreferrer\"><img loading=\"lazy\" decoding=\"async\" src=\"https:\/\/www.semainedelecriture.fr\/images\/logo-pdf.png\" width=\"30\" height=\"30\" name=\"logo pdf\" \/><\/a><\/p>\n<p style=\"text-align: center;\">LE VILLEFRANCHOIS ( 05 SEPT 13 )<\/p>\n<p style=\"text-align: center;\"><a href=\"https:\/\/www.semainedelecriture.fr\/presse\/2013-09-09%7E1044@LE_VILLEFRANCHOIS.pdf\" target=\"_blank\" rel=\"noopener noreferrer\"><img loading=\"lazy\" decoding=\"async\" src=\"https:\/\/www.semainedelecriture.fr\/images\/logo-pdf.png\" width=\"30\" height=\"30\" name=\"logo pdf\" \/><\/a><\/p>\n<p style=\"text-align: center;\">LA VIE QUERCYNOISE ( 05\/11 SEPT 13 )<\/p>\n<p style=\"text-align: center;\"><a href=\"https:\/\/www.semainedelecriture.fr\/presse\/2013-09-10%7E1579@LA_VIE_QUERCYNOISE.pdf\" target=\"_blank\" rel=\"noopener noreferrer\"><img loading=\"lazy\" decoding=\"async\" src=\"https:\/\/www.semainedelecriture.fr\/images\/logo-pdf.png\" width=\"30\" height=\"30\" name=\"logo pdf\" \/><\/a><\/p>\n<p style=\"text-align: center;\">ROUEN MAGAZINE L&rsquo;HEBDO DES ROUENNAIS ( 18 SEPT \/ 02 OCT 13 )<\/p>\n<p style=\"text-align: center;\"><a href=\"https:\/\/www.semainedelecriture.fr\/presse\/2013-09-19%7E1896@ROUEN_MAGAZINE_L_HEBDO_DES_ROU.pdf\" target=\"_blank\" rel=\"noopener noreferrer\"><img loading=\"lazy\" decoding=\"async\" src=\"https:\/\/www.semainedelecriture.fr\/images\/logo-pdf.png\" width=\"30\" height=\"30\" name=\"logo pdf\" \/><\/a><\/p>\n<p style=\"text-align: center;\">L&rsquo;ECHO DE BROU ( 25 SEPT 13 )<\/p>\n<p style=\"text-align: center;\"><a href=\"https:\/\/www.semainedelecriture.fr\/presse\/2013-09-27%7E1481@L_ECHO_DE_BROU.pdf\" target=\"_blank\" rel=\"noopener noreferrer\"><img loading=\"lazy\" decoding=\"async\" src=\"https:\/\/www.semainedelecriture.fr\/images\/logo-pdf.png\" width=\"30\" height=\"30\" name=\"logo pdf\" \/><\/a><\/p>\n<p style=\"text-align: center;\">LA MANCHE LIBRE ( 21 SEPT 13 )<\/p>\n<p style=\"text-align: center;\"><a href=\"https:\/\/www.semainedelecriture.fr\/presse\/2013-09-27%7E1365@LA_MANCHE_LIBRE.pdf\" target=\"_blank\" rel=\"noopener noreferrer\"><img loading=\"lazy\" decoding=\"async\" src=\"https:\/\/www.semainedelecriture.fr\/images\/logo-pdf.png\" width=\"30\" height=\"30\" name=\"logo pdf\" \/><\/a><\/p>\n<p style=\"text-align: center;\">SO WE ( 24 SEPT 13 )<\/p>\n<p style=\"text-align: center;\"><a href=\"https:\/\/www.sowe.fr\/semaine-de-lecriture\/\" target=\"_blank\" rel=\"noopener noreferrer\">www.sowe.fr<\/a><\/p>\n","protected":false},"excerpt":{"rendered":"<p>2021 \/ 2022 \u00c0 Bern\u00e9, l\u2019\u00e9cole Sainte-H\u00e9l\u00e8ne participe \u00e0 la semaine de l\u2019\u00e9criture (8 octobre 2022) Education : recul de l\u2019\u00e9criture manuscrite face aux claviers (8 octobre 2022) \u00c9crivez-vous encore \u00e0 la main ? (5 octobre 2022) ENTRETIEN. Semaine de &hellip; <a href=\"https:\/\/www.semainedelecriture.fr\/index.php\/presse-archives\/\">Lire la suite\u00ad\u00ad<\/a><\/p>\n","protected":false},"author":1,"featured_media":0,"parent":0,"menu_order":12,"comment_status":"closed","ping_status":"closed","template":"","meta":{"_mi_skip_tracking":false,"kt_blocks_editor_width":"","footnotes":""},"class_list":["post-222","page","type-page","status-publish","hentry"],"_links":{"self":[{"href":"https:\/\/www.semainedelecriture.fr\/index.php\/wp-json\/wp\/v2\/pages\/222","targetHints":{"allow":["GET"]}}],"collection":[{"href":"https:\/\/www.semainedelecriture.fr\/index.php\/wp-json\/wp\/v2\/pages"}],"about":[{"href":"https:\/\/www.semainedelecriture.fr\/index.php\/wp-json\/wp\/v2\/types\/page"}],"author":[{"embeddable":true,"href":"https:\/\/www.semainedelecriture.fr\/index.php\/wp-json\/wp\/v2\/users\/1"}],"replies":[{"embeddable":true,"href":"https:\/\/www.semainedelecriture.fr\/index.php\/wp-json\/wp\/v2\/comments?post=222"}],"version-history":[{"count":14,"href":"https:\/\/www.semainedelecriture.fr\/index.php\/wp-json\/wp\/v2\/pages\/222\/revisions"}],"predecessor-version":[{"id":26634,"href":"https:\/\/www.semainedelecriture.fr\/index.php\/wp-json\/wp\/v2\/pages\/222\/revisions\/26634"}],"wp:attachment":[{"href":"https:\/\/www.semainedelecriture.fr\/index.php\/wp-json\/wp\/v2\/media?parent=222"}],"curies":[{"name":"wp","href":"https:\/\/api.w.org\/{rel}","templated":true}]}}