{"id":27435,"date":"2025-07-21T18:55:58","date_gmt":"2025-07-21T16:55:58","guid":{"rendered":"https:\/\/www.semainedelecriture.fr\/?page_id=27435"},"modified":"2025-07-21T18:55:59","modified_gmt":"2025-07-21T16:55:59","slug":"hommage-a-patrice-laffont","status":"publish","type":"page","link":"https:\/\/www.semainedelecriture.fr\/index.php\/hommage-a-patrice-laffont\/","title":{"rendered":"Hommage \u00e0 Patrice LAFFONT"},"content":{"rendered":"<div class=\"wp-block-image\">\n<figure class=\"aligncenter\"><img loading=\"lazy\" decoding=\"async\" width=\"150\" height=\"150\" src=\"https:\/\/www.semainedelecriture.fr\/wp-content\/uploads\/2017\/05\/bernard-bouvet-patrice-laffont-150x150.jpg\" alt=\"Patrice Laffont et Bernard Bouvet\" class=\"wp-image-19\"\/><\/figure><\/div>\n\n\n<p class=\"has-text-align-center\"><em>\u00ab\u00a0Je tenais \u00e0 rendre hommage \u00e0 mon ami <strong>Patrice LAFFONT<\/strong>, d\u00e9c\u00e9d\u00e9 le 7 ao\u00fbt 2024.<\/em><em><br>En 2011, je lui ai soumis mon projet de d\u00e9fense de l\u2019\u00e9criture manuscrite \u00e0 l\u2019\u00e9cole, auquel il a adh\u00e9r\u00e9 imm\u00e9diatement.<br>C\u2019est en 2012 que nous avons cr\u00e9\u00e9 l\u2019association la \u00ab&nbsp;Semaine de l\u2019\u00e9criture&nbsp;\u00bb, <strong>Patrice <\/strong>devient Pr\u00e9sident d\u2019Honneur.<br>Voici son \u00e9dito me remerciant d\u2019avoir eu cette id\u00e9e.<\/em><\/p>\n\n\n<div class=\"wp-block-image\">\n<figure class=\"aligncenter\"><img loading=\"lazy\" decoding=\"async\" width=\"495\" height=\"700\" src=\"https:\/\/www.semainedelecriture.fr\/wp-content\/uploads\/2017\/05\/edito-patrice-laffont.jpg\" alt=\"Hommage \u00e0 Patrice Laffont\" class=\"wp-image-21\" srcset=\"https:\/\/www.semainedelecriture.fr\/wp-content\/uploads\/2017\/05\/edito-patrice-laffont.jpg 495w, https:\/\/www.semainedelecriture.fr\/wp-content\/uploads\/2017\/05\/edito-patrice-laffont-212x300.jpg 212w\" sizes=\"auto, (max-width: 495px) 100vw, 495px\" \/><\/figure><\/div>\n\n\n<p class=\"has-text-align-center\">Texte de <strong>Mme Mich\u00e8le JULIEN<\/strong> en hommage \u00e0 Patrice Laffont<\/p>\n\n\n\n<p class=\"has-text-align-center\"><strong>\u00ab\u00a0Coup de coeur\u00a0\u00bb <\/strong>des membres du jury 2024<\/p>\n\n\n<div class=\"wp-block-image\">\n<figure class=\"aligncenter\"><a href=\"https:\/\/www.semainedelecriture.fr\/wp-content\/uploads\/2025\/01\/hommage-patrice.jpg\"><img loading=\"lazy\" decoding=\"async\" width=\"100\" height=\"81\" src=\"https:\/\/www.semainedelecriture.fr\/wp-content\/uploads\/2025\/01\/hommage-patrice-v.jpg\" alt=\"\" class=\"wp-image-26698\"\/><\/a><\/figure><\/div>\n\n\n<p class=\"has-text-align-center\"><em>En 2013, nous avons lanc\u00e9 le Grand Concours National, \u00ab&nbsp;une semaine pour mettre l\u2019\u00e9criture \u00e0 la une&nbsp;\u00bb.<\/em><br><em><strong>Patrice <\/strong>devient le Pr\u00e9sident du jury.<\/em><br><em>Ce sont 12 ann\u00e9es de relation chaleureuse et d\u2019amiti\u00e9 sinc\u00e8re qui resteront \u00e0 jamais dans mon c\u0153ur.<\/em><br>&nbsp;&nbsp;&nbsp;&nbsp;&nbsp;&nbsp;&nbsp;&nbsp;&nbsp;&nbsp;&nbsp;&nbsp;&nbsp;&nbsp;&nbsp;&nbsp;&nbsp;&nbsp;&nbsp;&nbsp;&nbsp;&nbsp;&nbsp;&nbsp;&nbsp;&nbsp;&nbsp;&nbsp;&nbsp;&nbsp;&nbsp;&nbsp;&nbsp;&nbsp;&nbsp;&nbsp;&nbsp;&nbsp;&nbsp;&nbsp;&nbsp;&nbsp;&nbsp;&nbsp;&nbsp;&nbsp;&nbsp;&nbsp;&nbsp;&nbsp;&nbsp;&nbsp;&nbsp;&nbsp;&nbsp;&nbsp;&nbsp; &nbsp;&nbsp;&nbsp;&nbsp;&nbsp;&nbsp;&nbsp;&nbsp;&nbsp;&nbsp;&nbsp;&nbsp;&nbsp;&nbsp;&nbsp;&nbsp;&nbsp;&nbsp;&nbsp;&nbsp;&nbsp;&nbsp;&nbsp;&nbsp;&nbsp;&nbsp;&nbsp;&nbsp;&nbsp;&nbsp;&nbsp;&nbsp;&nbsp;&nbsp;&nbsp;&nbsp;&nbsp;&nbsp;&nbsp;&nbsp;&nbsp;&nbsp;&nbsp;&nbsp;&nbsp;&nbsp;&nbsp;&nbsp;&nbsp;&nbsp;&nbsp;&nbsp;&nbsp;&nbsp;&nbsp;&nbsp;&nbsp;&nbsp;&nbsp;&nbsp;&nbsp;&nbsp;&nbsp; &nbsp;&nbsp;&nbsp;&nbsp;&nbsp;&nbsp;&nbsp;&nbsp;&nbsp;&nbsp;&nbsp;&nbsp;&nbsp;&nbsp;&nbsp;&nbsp;&nbsp;&nbsp;&nbsp;&nbsp;&nbsp;&nbsp;&nbsp;&nbsp;&nbsp;&nbsp;&nbsp;&nbsp;&nbsp;&nbsp;&nbsp;&nbsp;&nbsp;&nbsp;&nbsp;&nbsp;&nbsp;&nbsp;&nbsp;&nbsp;&nbsp;&nbsp;&nbsp;&nbsp;&nbsp;&nbsp;&nbsp;&nbsp;&nbsp;&nbsp;&nbsp;&nbsp;&nbsp;&nbsp;&nbsp;&nbsp;&nbsp;&nbsp;&nbsp;&nbsp;&nbsp;&nbsp;&nbsp; &nbsp;&nbsp;&nbsp;&nbsp;&nbsp;&nbsp;&nbsp;&nbsp;<em><strong>Bernard Bouvet<\/strong><\/em><\/p>\n\n\n<div class=\"wp-block-image\">\n<figure class=\"aligncenter\"><a href=\"https:\/\/www.semainedelecriture.fr\/index.php\/2019\/01\/07\/les-photos-de-la-ceremonie-2019\/\"><img loading=\"lazy\" decoding=\"async\" width=\"150\" height=\"150\" src=\"https:\/\/www.semainedelecriture.fr\/wp-content\/uploads\/2019\/01\/Bernard-et-Patrice-150x150.jpg\" alt=\"\" class=\"wp-image-6014\" srcset=\"https:\/\/www.semainedelecriture.fr\/wp-content\/uploads\/2019\/01\/Bernard-et-Patrice-150x150.jpg 150w, https:\/\/www.semainedelecriture.fr\/wp-content\/uploads\/2019\/01\/Bernard-et-Patrice-365x365.jpg 365w\" sizes=\"auto, (max-width: 150px) 100vw, 150px\" \/><\/a><\/figure><\/div>\n\n\n<p class=\"has-text-align-center\"><strong><a href=\"https:\/\/www.semainedelecriture.fr\/index.php\/2019\/01\/07\/les-photos-de-la-ceremonie-2019\/\">&gt;&gt;&gt; Photos souvenirs avec Patrice Laffont au Minist\u00e8re de la Culture &lt;&lt;&lt;<\/a><\/strong><\/p>\n","protected":false},"excerpt":{"rendered":"<p>\u00ab\u00a0Je tenais \u00e0 rendre hommage \u00e0 mon ami Patrice LAFFONT, d\u00e9c\u00e9d\u00e9 le 7 ao\u00fbt 2024.En 2011, je lui ai soumis mon projet de d\u00e9fense de l\u2019\u00e9criture manuscrite \u00e0 l\u2019\u00e9cole, auquel il a adh\u00e9r\u00e9 imm\u00e9diatement.C\u2019est en 2012 que nous avons cr\u00e9\u00e9 &hellip; <a href=\"https:\/\/www.semainedelecriture.fr\/index.php\/hommage-a-patrice-laffont\/\">Lire la suite\u00ad\u00ad<\/a><\/p>\n","protected":false},"author":1,"featured_media":0,"parent":0,"menu_order":0,"comment_status":"closed","ping_status":"closed","template":"","meta":{"_mi_skip_tracking":false,"kt_blocks_editor_width":"","footnotes":""},"class_list":["post-27435","page","type-page","status-publish","hentry"],"_links":{"self":[{"href":"https:\/\/www.semainedelecriture.fr\/index.php\/wp-json\/wp\/v2\/pages\/27435","targetHints":{"allow":["GET"]}}],"collection":[{"href":"https:\/\/www.semainedelecriture.fr\/index.php\/wp-json\/wp\/v2\/pages"}],"about":[{"href":"https:\/\/www.semainedelecriture.fr\/index.php\/wp-json\/wp\/v2\/types\/page"}],"author":[{"embeddable":true,"href":"https:\/\/www.semainedelecriture.fr\/index.php\/wp-json\/wp\/v2\/users\/1"}],"replies":[{"embeddable":true,"href":"https:\/\/www.semainedelecriture.fr\/index.php\/wp-json\/wp\/v2\/comments?post=27435"}],"version-history":[{"count":1,"href":"https:\/\/www.semainedelecriture.fr\/index.php\/wp-json\/wp\/v2\/pages\/27435\/revisions"}],"predecessor-version":[{"id":27437,"href":"https:\/\/www.semainedelecriture.fr\/index.php\/wp-json\/wp\/v2\/pages\/27435\/revisions\/27437"}],"wp:attachment":[{"href":"https:\/\/www.semainedelecriture.fr\/index.php\/wp-json\/wp\/v2\/media?parent=27435"}],"curies":[{"name":"wp","href":"https:\/\/api.w.org\/{rel}","templated":true}]}}