{"id":8,"date":"2017-05-03T16:02:32","date_gmt":"2017-05-03T14:02:32","guid":{"rendered":"http:\/\/www.semainedelecriture.fr\/V3\/?page_id=8"},"modified":"2025-08-13T19:04:09","modified_gmt":"2025-08-13T17:04:09","slug":"edito","status":"publish","type":"page","link":"https:\/\/www.semainedelecriture.fr\/index.php\/edito\/","title":{"rendered":"L&rsquo;histoire"},"content":{"rendered":"\n<p><em>La d<\/em><em>\u00e9fense de l\u2019\u00e9criture manuelle est une id\u00e9e de <strong>Bernard Bouvet<\/strong>, apprenti typographe devenu diffuseur de cartes postales, qui a pass\u00e9 sa vie professionnelle dans l\u2019\u00e9<\/em><em>criture.<\/em><\/p>\n\n\n\n<p><em>Sa<\/em><em> rencontre avec <\/em><strong><em>Patrice Laffont<\/em><\/strong><em>, c\u00e9l<\/em><em>\u00e8<\/em><em>bre pr<\/em><em>\u00e9sentateur de t\u00e9l\u00e9vision, <\/em><em>a <\/em><em>permis de cr\u00e9er l<\/em><em>\u2019<\/em><em>association <\/em><em>la \u00ab&nbsp;Semaine<\/em><em> de l<\/em><em>\u2019\u00e9criture<\/em><em>&nbsp;\u00bb <\/em><em>en 2012, <\/em><em>parrain\u00e9e <\/em><em>par le <\/em><em>m<\/em><em>inist<\/em><em>\u00e8<\/em><em>re de la Culture et par l<\/em><em>\u2019<\/em><em>Association des Maires de France.<\/em><\/p>\n\n\n\n<p><strong><em>Patrice Laffont<\/em><\/strong><em> devient Pr\u00e9sident d<\/em><em>\u2019<\/em><em>Honneur.<\/em><\/p>\n\n\n\n<p><em>En 2013, <\/em><em>n\u00e9 le<\/em><em> GRAND CONCOURS NATIONAL du plus beau texte manuscrit <\/em><em>sur un th\u00e8me donn\u00e9,<\/em><em> qui a lieu chaque ann\u00e9e la premi<\/em><em>\u00e8<\/em><em>re semaine d<\/em><em>\u2019<\/em><em>octobre. <\/em><\/p>\n\n\n\n<p><em>Enfants \u00e0 partir de 6 ans, ados, adultes, tout le monde peut y participer. <\/em><\/p>\n\n\n\n<p><em>Un jury compos\u00e9 de professeurs des \u00e9coles et de membres d&rsquo;associations d&rsquo;\u00e9criture, se r\u00e9unit chaque ann\u00e9e en novembre pour d\u00e9terminer les laur\u00e9ats par cat\u00e9gories d\u2019\u00e2ges. <\/em><\/p>\n\n\n\n<h4 class=\"wp-block-heading\"><strong><span style=\"color: #1b61ab;\">Edito de Bernard Bouvet<\/span><\/strong><\/h4>\n\n\n\n<p><em><strong>L\u2019\u00e9criture<\/strong> <strong>a \u00e9t\u00e9 invent\u00e9e, en l\u2019\u00e9tat actuel de nos connaissances, il y a environ 5 500 ans.<\/strong><\/em><\/p>\n\n\n\n<p><em>&nbsp;<strong>C\u2019est la main de l\u2019homme qui forme les lettres, les mots, les&nbsp; textes<\/strong><\/em><strong>.<\/strong><\/p>\n\n\n\n<p><strong><em>Il y a <\/em><em>dans l\u2019\u00e9criture manuelle,<\/em> <em>une relation directe entre le cerveau et la main, entre l\u2019esprit et la main, <\/em><em>qui fait travailler la m\u00e9moire.<\/em><\/strong><\/p>\n\n\n\n<p><strong><em>Aujourd\u2019hui les outils \u00e9lectroniques permettent d\u2019\u00e9crire plus vite, forment les mots automatiquement ; ils \u00ab&nbsp;m\u00e2chent&nbsp;\u00bb le travail d\u2019\u00e9criture.<\/em><\/strong><\/p>\n\n\n\n<p><strong><em>Or, de nombreux p\u00e9dagogues le disent, l\u2019apprentissage de l\u2019\u00e9criture manuelle est d\u00e9cisif dans le d\u00e9veloppement de l\u2019enfant, car il participe au processus qui m\u00e8ne de l\u2019id\u00e9e \u00e0 sa r\u00e9alisation, de l\u2019id\u00e9e au geste.<\/em><\/strong><\/p>\n\n\n\n<p><strong><em>Il est capital de pr\u00e9server l\u2019apprentissage et la pratique de l\u2019\u00e9criture manuelle \u00e0 l\u2019\u00e9cole<\/em>.<\/strong><\/p>\n\n\n\n<p><strong><em>Il s\u2019agit de d\u00e9cider de l\u2019avenir que nous voulons proposer \u00e0 nos enfants : un avenir o\u00f9 l\u2019\u00eatre humain reste ma\u00eetre de son destin et de son humanit\u00e9.<\/em><\/strong><\/p>\n\n\n\n<h5 class=\"wp-block-heading\"><span style=\"color: #017e9e;\"><strong><em>La d\u00e9fense de l\u2019\u00e9criture manuelle est bien devenue un enjeu de soci\u00e9t\u00e9.<\/em><\/strong><\/span><\/h5>\n\n\n\n<h5 class=\"wp-block-heading\">&nbsp;<\/h5>\n","protected":false},"excerpt":{"rendered":"<p>La d\u00e9fense de l\u2019\u00e9criture manuelle est une id\u00e9e de Bernard Bouvet, apprenti typographe devenu diffuseur de cartes postales, qui a pass\u00e9 sa vie professionnelle dans l\u2019\u00e9criture. Sa rencontre avec Patrice Laffont, c\u00e9l\u00e8bre pr\u00e9sentateur de t\u00e9l\u00e9vision, a permis de cr\u00e9er l\u2019association &hellip; <a href=\"https:\/\/www.semainedelecriture.fr\/index.php\/edito\/\">Lire la suite\u00ad\u00ad<\/a><\/p>\n","protected":false},"author":1,"featured_media":0,"parent":0,"menu_order":7,"comment_status":"closed","ping_status":"closed","template":"","meta":{"_mi_skip_tracking":false,"kt_blocks_editor_width":"","footnotes":""},"class_list":["post-8","page","type-page","status-publish","hentry"],"_links":{"self":[{"href":"https:\/\/www.semainedelecriture.fr\/index.php\/wp-json\/wp\/v2\/pages\/8","targetHints":{"allow":["GET"]}}],"collection":[{"href":"https:\/\/www.semainedelecriture.fr\/index.php\/wp-json\/wp\/v2\/pages"}],"about":[{"href":"https:\/\/www.semainedelecriture.fr\/index.php\/wp-json\/wp\/v2\/types\/page"}],"author":[{"embeddable":true,"href":"https:\/\/www.semainedelecriture.fr\/index.php\/wp-json\/wp\/v2\/users\/1"}],"replies":[{"embeddable":true,"href":"https:\/\/www.semainedelecriture.fr\/index.php\/wp-json\/wp\/v2\/comments?post=8"}],"version-history":[{"count":76,"href":"https:\/\/www.semainedelecriture.fr\/index.php\/wp-json\/wp\/v2\/pages\/8\/revisions"}],"predecessor-version":[{"id":27633,"href":"https:\/\/www.semainedelecriture.fr\/index.php\/wp-json\/wp\/v2\/pages\/8\/revisions\/27633"}],"wp:attachment":[{"href":"https:\/\/www.semainedelecriture.fr\/index.php\/wp-json\/wp\/v2\/media?parent=8"}],"curies":[{"name":"wp","href":"https:\/\/api.w.org\/{rel}","templated":true}]}}